{"id":3492,"date":"2021-05-21T12:05:24","date_gmt":"2021-05-21T12:05:24","guid":{"rendered":"https:\/\/montageprofis.ch\/ueber-uns\/geschichte\/"},"modified":"2025-06-22T20:17:31","modified_gmt":"2025-06-22T20:17:31","slug":"geschichte","status":"publish","type":"page","link":"https:\/\/montageprofis.ch\/fr\/ueber-uns\/geschichte\/","title":{"rendered":"Histoire"},"content":{"rendered":"\t\t<div data-elementor-type=\"wp-page\" data-elementor-id=\"3492\" class=\"elementor elementor-3492 elementor-2050\" data-elementor-post-type=\"page\">\n\t\t\t\t\t\t<section class=\"elementor-section elementor-top-section elementor-element elementor-element-5bde4ad elementor-section-height-min-height of_slide hero_animation elementor-section-boxed elementor-section-height-default elementor-section-items-middle\" data-id=\"5bde4ad\" data-element_type=\"section\" data-settings=\"{&quot;background_background&quot;:&quot;slideshow&quot;,&quot;background_slideshow_gallery&quot;:[{&quot;id&quot;:2980,&quot;url&quot;:&quot;https:\\\/\\\/montageprofis.ch\\\/wp-content\\\/uploads\\\/2021\\\/05\\\/Collage-Vintage-kurz-1.jpg&quot;}],&quot;background_slideshow_loop&quot;:&quot;yes&quot;,&quot;background_slideshow_slide_duration&quot;:5000,&quot;background_slideshow_slide_transition&quot;:&quot;fade&quot;,&quot;background_slideshow_transition_duration&quot;:500}\">\n\t\t\t\t\t\t\t<div class=\"elementor-background-overlay\"><\/div>\n\t\t\t\t\t\t\t<div class=\"elementor-container elementor-column-gap-default\">\n\t\t\t\t\t<div class=\"elementor-column elementor-col-33 elementor-top-column elementor-element elementor-element-7fb70e2\" data-id=\"7fb70e2\" data-element_type=\"column\">\n\t\t\t<div class=\"elementor-widget-wrap\">\n\t\t\t\t\t\t\t<\/div>\n\t\t<\/div>\n\t\t\t\t<div class=\"elementor-column elementor-col-33 elementor-top-column elementor-element elementor-element-7623c4a slider-text\" data-id=\"7623c4a\" data-element_type=\"column\" data-settings=\"{&quot;animation&quot;:&quot;none&quot;}\">\n\t\t\t<div class=\"elementor-widget-wrap elementor-element-populated\">\n\t\t\t\t\t\t<div class=\"elementor-element elementor-element-404373e of_hero_slide elementor--h-position-center elementor--v-position-middle elementor-widget elementor-widget-slides\" data-id=\"404373e\" data-element_type=\"widget\" data-settings=\"{&quot;navigation&quot;:&quot;none&quot;,&quot;transition&quot;:&quot;fade&quot;,&quot;autoplay&quot;:&quot;yes&quot;,&quot;pause_on_hover&quot;:&quot;yes&quot;,&quot;pause_on_interaction&quot;:&quot;yes&quot;,&quot;autoplay_speed&quot;:5000,&quot;infinite&quot;:&quot;yes&quot;,&quot;transition_speed&quot;:500}\" data-widget_type=\"slides.default\">\n\t\t\t\t<div class=\"elementor-widget-container\">\n\t\t\t\t\t\t\t\t\t<div class=\"elementor-swiper\">\n\t\t\t\t\t<div class=\"elementor-slides-wrapper elementor-main-swiper swiper\" role=\"region\" aria-roledescription=\"carousel\" aria-label=\"Slider\" dir=\"ltr\" data-animation=\"\">\n\t\t\t\t<div class=\"swiper-wrapper elementor-slides\">\n\t\t\t\t\t\t\t\t\t\t<div class=\"elementor-repeater-item-619de1b swiper-slide\" role=\"group\" aria-roledescription=\"slide\"><div class=\"swiper-slide-bg\" role=\"img\"><\/div><div class=\"swiper-slide-inner\" ><div class=\"swiper-slide-contents\"><div class=\"elementor-slide-heading\">Le montage est notre passion \u2013 depuis 1984.<\/div><\/div><\/div><\/div>\t\t\t\t<\/div>\n\t\t\t\t\t\t\t<\/div>\n\t\t\t\t<\/div>\n\t\t\t\t\t\t\t\t<\/div>\n\t\t\t\t<\/div>\n\t\t\t\t\t<\/div>\n\t\t<\/div>\n\t\t\t\t<div class=\"elementor-column elementor-col-33 elementor-top-column elementor-element elementor-element-5c3e158 elementor-hidden-tablet elementor-hidden-phone\" data-id=\"5c3e158\" data-element_type=\"column\">\n\t\t\t<div class=\"elementor-widget-wrap\">\n\t\t\t\t\t\t\t<\/div>\n\t\t<\/div>\n\t\t\t\t\t<\/div>\n\t\t<\/section>\n\t\t\t\t<section class=\"elementor-section elementor-top-section elementor-element elementor-element-ba9f7f6 elementor-section-boxed elementor-section-height-default elementor-section-height-default\" data-id=\"ba9f7f6\" data-element_type=\"section\">\n\t\t\t\t\t\t<div class=\"elementor-container elementor-column-gap-default\">\n\t\t\t\t\t<div class=\"elementor-column elementor-col-100 elementor-top-column elementor-element elementor-element-685b3fd\" data-id=\"685b3fd\" data-element_type=\"column\">\n\t\t\t<div class=\"elementor-widget-wrap elementor-element-populated\">\n\t\t\t\t\t\t<section class=\"elementor-section elementor-inner-section elementor-element elementor-element-655cd36 elementor-section-full_width elementor-reverse-mobile elementor-section-height-default elementor-section-height-default\" data-id=\"655cd36\" data-element_type=\"section\">\n\t\t\t\t\t\t<div class=\"elementor-container elementor-column-gap-default\">\n\t\t\t\t\t<div class=\"elementor-column elementor-col-100 elementor-inner-column elementor-element elementor-element-b5fe7d7\" data-id=\"b5fe7d7\" data-element_type=\"column\">\n\t\t\t<div class=\"elementor-widget-wrap elementor-element-populated\">\n\t\t\t\t\t\t<div class=\"elementor-element elementor-element-97e27c8 elementor-widget elementor-widget-heading\" data-id=\"97e27c8\" data-element_type=\"widget\" data-widget_type=\"heading.default\">\n\t\t\t\t<div class=\"elementor-widget-container\">\n\t\t\t\t\t<h1 class=\"elementor-heading-title elementor-size-default\">Dietsche MontageProfis AG<\/h1>\t\t\t\t<\/div>\n\t\t\t\t<\/div>\n\t\t\t\t<div class=\"elementor-element elementor-element-cb8587d elementor-widget elementor-widget-text-editor\" data-id=\"cb8587d\" data-element_type=\"widget\" data-widget_type=\"text-editor.default\">\n\t\t\t\t<div class=\"elementor-widget-container\">\n\t\t\t\t\t\t\t\t\t<div><span lang=\"FR\">Dietsche s\u2019appuie sur de nombreuses ann\u00e9es de tradition et mise sur des solutions d\u2019avenir. L\u2019aventure de la petite entreprise de montage de Kriessern, cr\u00e9\u00e9e en 1984, s\u2019est tr\u00e8s vite transform\u00e9e en une success-story suisse.<\/span><\/div>\n\t\t\t\t\t\t\t\t<\/div>\n\t\t\t\t<\/div>\n\t\t\t\t\t<\/div>\n\t\t<\/div>\n\t\t\t\t\t<\/div>\n\t\t<\/section>\n\t\t\t\t<section class=\"elementor-section elementor-inner-section elementor-element elementor-element-edcddf6 elementor-section-boxed elementor-section-height-default elementor-section-height-default\" data-id=\"edcddf6\" data-element_type=\"section\">\n\t\t\t\t\t\t<div class=\"elementor-container elementor-column-gap-default\">\n\t\t\t\t\t<div class=\"elementor-column elementor-col-33 elementor-inner-column elementor-element elementor-element-7df886b\" data-id=\"7df886b\" data-element_type=\"column\">\n\t\t\t<div class=\"elementor-widget-wrap elementor-element-populated\">\n\t\t\t\t\t\t<div class=\"elementor-element elementor-element-b814b25 elementor-widget elementor-widget-counter\" data-id=\"b814b25\" data-element_type=\"widget\" data-widget_type=\"counter.default\">\n\t\t\t\t<div class=\"elementor-widget-container\">\n\t\t\t\t\t\t\t<div class=\"elementor-counter\">\n\t\t\t\t\t\t<div class=\"elementor-counter-number-wrapper\">\n\t\t\t\t<span class=\"elementor-counter-number-prefix\"><\/span>\n\t\t\t\t<span class=\"elementor-counter-number\" data-duration=\"2000\" data-to-value=\"4\" data-from-value=\"0\" data-delimiter=\",\">0<\/span>\n\t\t\t\t<span class=\"elementor-counter-number-suffix\"><\/span>\n\t\t\t<\/div>\n\t\t<\/div>\n\t\t\t\t\t\t<\/div>\n\t\t\t\t<\/div>\n\t\t\t\t<div class=\"elementor-element elementor-element-521be12 elementor-widget elementor-widget-heading\" data-id=\"521be12\" data-element_type=\"widget\" data-widget_type=\"heading.default\">\n\t\t\t\t<div class=\"elementor-widget-container\">\n\t\t\t\t\t<h2 class=\"elementor-heading-title elementor-size-default\">Sites<\/h2>\t\t\t\t<\/div>\n\t\t\t\t<\/div>\n\t\t\t\t\t<\/div>\n\t\t<\/div>\n\t\t\t\t<div class=\"elementor-column elementor-col-33 elementor-inner-column elementor-element elementor-element-112015f\" data-id=\"112015f\" data-element_type=\"column\">\n\t\t\t<div class=\"elementor-widget-wrap elementor-element-populated\">\n\t\t\t\t\t\t<div class=\"elementor-element elementor-element-fb20437 elementor-widget elementor-widget-counter\" data-id=\"fb20437\" data-element_type=\"widget\" data-widget_type=\"counter.default\">\n\t\t\t\t<div class=\"elementor-widget-container\">\n\t\t\t\t\t\t\t<div class=\"elementor-counter\">\n\t\t\t\t\t\t<div class=\"elementor-counter-number-wrapper\">\n\t\t\t\t<span class=\"elementor-counter-number-prefix\"><\/span>\n\t\t\t\t<span class=\"elementor-counter-number\" data-duration=\"2000\" data-to-value=\"450\" data-from-value=\"0\" data-delimiter=\",\">0<\/span>\n\t\t\t\t<span class=\"elementor-counter-number-suffix\"><\/span>\n\t\t\t<\/div>\n\t\t<\/div>\n\t\t\t\t\t\t<\/div>\n\t\t\t\t<\/div>\n\t\t\t\t<div class=\"elementor-element elementor-element-c22a605 elementor-widget elementor-widget-heading\" data-id=\"c22a605\" data-element_type=\"widget\" data-widget_type=\"heading.default\">\n\t\t\t\t<div class=\"elementor-widget-container\">\n\t\t\t\t\t<h2 class=\"elementor-heading-title elementor-size-default\">Monteurs<\/h2>\t\t\t\t<\/div>\n\t\t\t\t<\/div>\n\t\t\t\t\t<\/div>\n\t\t<\/div>\n\t\t\t\t<div class=\"elementor-column elementor-col-33 elementor-inner-column elementor-element elementor-element-a44b433\" data-id=\"a44b433\" data-element_type=\"column\">\n\t\t\t<div class=\"elementor-widget-wrap elementor-element-populated\">\n\t\t\t\t\t\t<div class=\"elementor-element elementor-element-a6359b8 elementor-widget elementor-widget-counter\" data-id=\"a6359b8\" data-element_type=\"widget\" data-widget_type=\"counter.default\">\n\t\t\t\t<div class=\"elementor-widget-container\">\n\t\t\t\t\t\t\t<div class=\"elementor-counter\">\n\t\t\t\t\t\t<div class=\"elementor-counter-number-wrapper\">\n\t\t\t\t<span class=\"elementor-counter-number-prefix\"><\/span>\n\t\t\t\t<span class=\"elementor-counter-number\" data-duration=\"2000\" data-to-value=\"300\" data-from-value=\"0\" data-delimiter=\",\">0<\/span>\n\t\t\t\t<span class=\"elementor-counter-number-suffix\"><\/span>\n\t\t\t<\/div>\n\t\t<\/div>\n\t\t\t\t\t\t<\/div>\n\t\t\t\t<\/div>\n\t\t\t\t<div class=\"elementor-element elementor-element-5b1276b elementor-widget elementor-widget-heading\" data-id=\"5b1276b\" data-element_type=\"widget\" data-widget_type=\"heading.default\">\n\t\t\t\t<div class=\"elementor-widget-container\">\n\t\t\t\t\t<h2 class=\"elementor-heading-title elementor-size-default\">V\u00e9hicules<\/h2>\t\t\t\t<\/div>\n\t\t\t\t<\/div>\n\t\t\t\t\t<\/div>\n\t\t<\/div>\n\t\t\t\t\t<\/div>\n\t\t<\/section>\n\t\t\t\t\t<\/div>\n\t\t<\/div>\n\t\t\t\t\t<\/div>\n\t\t<\/section>\n\t\t\t\t<section class=\"elementor-section elementor-top-section elementor-element elementor-element-60a8dc4 elementor-section-boxed elementor-section-height-default elementor-section-height-default\" data-id=\"60a8dc4\" data-element_type=\"section\" data-settings=\"{&quot;background_background&quot;:&quot;classic&quot;}\">\n\t\t\t\t\t\t<div class=\"elementor-container elementor-column-gap-default\">\n\t\t\t\t\t<div class=\"elementor-column elementor-col-100 elementor-top-column elementor-element elementor-element-ae0917f\" data-id=\"ae0917f\" data-element_type=\"column\">\n\t\t\t<div class=\"elementor-widget-wrap elementor-element-populated\">\n\t\t\t\t\t\t<section class=\"elementor-section elementor-inner-section elementor-element elementor-element-4960269 elementor-section-full_width elementor-section-height-default elementor-section-height-default\" data-id=\"4960269\" data-element_type=\"section\">\n\t\t\t\t\t\t<div class=\"elementor-container elementor-column-gap-default\">\n\t\t\t\t\t<div class=\"elementor-column elementor-col-50 elementor-inner-column elementor-element elementor-element-e3383f3\" data-id=\"e3383f3\" data-element_type=\"column\">\n\t\t\t<div class=\"elementor-widget-wrap elementor-element-populated\">\n\t\t\t\t\t\t<div class=\"elementor-element elementor-element-81f7986 elementor-widget elementor-widget-image\" data-id=\"81f7986\" data-element_type=\"widget\" data-widget_type=\"image.default\">\n\t\t\t\t<div class=\"elementor-widget-container\">\n\t\t\t\t\t\t\t\t\t\t\t\t\t\t\t\t<a href=\"https:\/\/montageprofis.ch\/wp-content\/uploads\/2021\/05\/Haus_FamilieDietsche_1984_bearb.jpg\" data-elementor-open-lightbox=\"yes\" data-elementor-lightbox-title=\"Haus_FamilieDietsche_1984_bearb\" data-e-action-hash=\"#elementor-action%3Aaction%3Dlightbox%26settings%3DeyJpZCI6MjkzMiwidXJsIjoiaHR0cHM6XC9cL21vbnRhZ2Vwcm9maXMuY2hcL3dwLWNvbnRlbnRcL3VwbG9hZHNcLzIwMjFcLzA1XC9IYXVzX0ZhbWlsaWVEaWV0c2NoZV8xOTg0X2JlYXJiLmpwZyJ9\">\n\t\t\t\t\t\t\t<img decoding=\"async\" src=\"https:\/\/montageprofis.ch\/wp-content\/uploads\/elementor\/thumbs\/Haus_FamilieDietsche_1984_bearb-p6tdyuf12yqghkzdy76u26oayh2x2n0g8jrjiatcns.jpg\" title=\"Haus_FamilieDietsche_1984_bearb\" alt=\"Haus_FamilieDietsche_1984_bearb\" loading=\"lazy\" \/>\t\t\t\t\t\t\t\t<\/a>\n\t\t\t\t\t\t\t\t\t\t\t\t\t\t\t<\/div>\n\t\t\t\t<\/div>\n\t\t\t\t\t<\/div>\n\t\t<\/div>\n\t\t\t\t<div class=\"elementor-column elementor-col-50 elementor-inner-column elementor-element elementor-element-505c0df\" data-id=\"505c0df\" data-element_type=\"column\" data-settings=\"{&quot;background_background&quot;:&quot;classic&quot;}\">\n\t\t\t<div class=\"elementor-widget-wrap elementor-element-populated\">\n\t\t\t\t\t\t<div class=\"elementor-element elementor-element-4948b73 elementor-widget elementor-widget-heading\" data-id=\"4948b73\" data-element_type=\"widget\" data-widget_type=\"heading.default\">\n\t\t\t\t<div class=\"elementor-widget-container\">\n\t\t\t\t\t<h2 class=\"elementor-heading-title elementor-size-default\">Cr\u00e9ation<\/h2>\t\t\t\t<\/div>\n\t\t\t\t<\/div>\n\t\t\t\t<div class=\"elementor-element elementor-element-3a13806 elementor-widget elementor-widget-text-editor\" data-id=\"3a13806\" data-element_type=\"widget\" data-widget_type=\"text-editor.default\">\n\t\t\t\t<div class=\"elementor-widget-container\">\n\t\t\t\t\t\t\t\t\t<div><span lang=\"FR\">Les fr\u00e8res Roland et Marcel Dietsche ont cr\u00e9\u00e9 Dietsche MontageProfis en 1984. L\u2019aventure, commenc\u00e9e avec trois monteurs, trois bo\u00eetes \u00e0 outils et deux v\u00e9hicules dans la maison de leurs parents \u00e0 Kriessern, s\u2019est tr\u00e8s vite transform\u00e9e en une success-story suisse. En 1986, la soci\u00e9t\u00e9 a d\u00e9m\u00e9nag\u00e9 dans les locaux de l\u2019Altst\u00e4tterstrasse \u00e0 Kriessern. Ceux-ci ont \u00e9t\u00e9 agrandis d\u00e8s 1987 et le nombre de monteurs employ\u00e9s est pass\u00e9 \u00e0 environ 40.<\/span><\/div>\n\t\t\t\t\t\t\t\t<\/div>\n\t\t\t\t<\/div>\n\t\t\t\t\t<\/div>\n\t\t<\/div>\n\t\t\t\t\t<\/div>\n\t\t<\/section>\n\t\t\t\t<section class=\"elementor-section elementor-inner-section elementor-element elementor-element-d68770d elementor-section-full_width elementor-section-height-default elementor-section-height-default\" data-id=\"d68770d\" data-element_type=\"section\">\n\t\t\t\t\t\t<div class=\"elementor-container elementor-column-gap-default\">\n\t\t\t\t\t<div class=\"elementor-column elementor-col-50 elementor-inner-column elementor-element elementor-element-d97d0ea\" data-id=\"d97d0ea\" data-element_type=\"column\">\n\t\t\t<div class=\"elementor-widget-wrap elementor-element-populated\">\n\t\t\t\t\t\t<div class=\"elementor-element elementor-element-a7210b5 elementor-widget elementor-widget-image\" data-id=\"a7210b5\" data-element_type=\"widget\" data-widget_type=\"image.default\">\n\t\t\t\t<div class=\"elementor-widget-container\">\n\t\t\t\t\t\t\t\t\t\t\t\t\t\t\t\t<a href=\"https:\/\/montageprofis.ch\/wp-content\/uploads\/2021\/05\/DietscheMontageProfis_Fahrzeuge_Gebaeude_Diepoldsau.bmp\" data-elementor-open-lightbox=\"yes\" data-elementor-lightbox-title=\"DietscheMontageProfis_Fahrzeuge_Geb\u00e4ude_Diepoldsau\" data-e-action-hash=\"#elementor-action%3Aaction%3Dlightbox%26settings%3DeyJpZCI6MjkyMCwidXJsIjoiaHR0cHM6XC9cL21vbnRhZ2Vwcm9maXMuY2hcL3dwLWNvbnRlbnRcL3VwbG9hZHNcLzIwMjFcLzA1XC9EaWV0c2NoZU1vbnRhZ2VQcm9maXNfRmFocnpldWdlX0dlYmFldWRlX0RpZXBvbGRzYXUuYm1wIn0%3D\">\n\t\t\t\t\t\t\t<img decoding=\"async\" src=\"https:\/\/montageprofis.ch\/wp-content\/uploads\/elementor\/thumbs\/DietscheMontageProfis_Fahrzeuge_Gebaeude_Diepoldsau-p6rvhgiw4dqu62072dob54u2xoi3bog2kl8ssezcd4.bmp\" title=\"DietscheMontageProfis_Fahrzeuge_Geb\u00e4ude_Diepoldsau\" alt=\"DietscheMontageProfis_Fahrzeuge_Geb\u00e4ude_Diepoldsau\" loading=\"lazy\" \/>\t\t\t\t\t\t\t\t<\/a>\n\t\t\t\t\t\t\t\t\t\t\t\t\t\t\t<\/div>\n\t\t\t\t<\/div>\n\t\t\t\t\t<\/div>\n\t\t<\/div>\n\t\t\t\t<div class=\"elementor-column elementor-col-50 elementor-inner-column elementor-element elementor-element-7e9ece0\" data-id=\"7e9ece0\" data-element_type=\"column\" data-settings=\"{&quot;background_background&quot;:&quot;classic&quot;}\">\n\t\t\t<div class=\"elementor-widget-wrap elementor-element-populated\">\n\t\t\t\t\t\t<div class=\"elementor-element elementor-element-f2dd525 elementor-widget elementor-widget-heading\" data-id=\"f2dd525\" data-element_type=\"widget\" data-widget_type=\"heading.default\">\n\t\t\t\t<div class=\"elementor-widget-container\">\n\t\t\t\t\t<h2 class=\"elementor-heading-title elementor-size-default\">Biens immobiliers<\/h2>\t\t\t\t<\/div>\n\t\t\t\t<\/div>\n\t\t\t\t<div class=\"elementor-element elementor-element-547cedb elementor-widget elementor-widget-text-editor\" data-id=\"547cedb\" data-element_type=\"widget\" data-widget_type=\"text-editor.default\">\n\t\t\t\t<div class=\"elementor-widget-container\">\n\t\t\t\t\t\t\t\t\t<div><span lang=\"FR\">L\u2019acquisition de nouveaux locaux dans la Moosackerstrasse \u00e0 Diepoldsau en 1992 a permis de cr\u00e9er un espace suppl\u00e9mentaire pour 80\u00a0monteurs. Le site de Diepoldsau a servi pendant plus de 20\u00a0ans de base et de plaque tournante aux monteurs pour leurs interventions dans toute la Suisse.<\/span><\/div>\n\t\t\t\t\t\t\t\t<\/div>\n\t\t\t\t<\/div>\n\t\t\t\t\t<\/div>\n\t\t<\/div>\n\t\t\t\t\t<\/div>\n\t\t<\/section>\n\t\t\t\t<section class=\"elementor-section elementor-inner-section elementor-element elementor-element-0185e4d elementor-section-full_width elementor-section-height-default elementor-section-height-default\" data-id=\"0185e4d\" data-element_type=\"section\">\n\t\t\t\t\t\t<div class=\"elementor-container elementor-column-gap-default\">\n\t\t\t\t\t<div class=\"elementor-column elementor-col-50 elementor-inner-column elementor-element elementor-element-4dc18fc\" data-id=\"4dc18fc\" data-element_type=\"column\">\n\t\t\t<div class=\"elementor-widget-wrap elementor-element-populated\">\n\t\t\t\t\t\t<div class=\"elementor-element elementor-element-d3fb7a3 elementor-widget elementor-widget-image\" data-id=\"d3fb7a3\" data-element_type=\"widget\" data-widget_type=\"image.default\">\n\t\t\t\t<div class=\"elementor-widget-container\">\n\t\t\t\t\t\t\t\t\t\t\t\t\t\t\t\t<a href=\"https:\/\/montageprofis.ch\/wp-content\/uploads\/2021\/05\/Standorte_DMP_2021.png\" data-elementor-open-lightbox=\"yes\" data-elementor-lightbox-title=\"Standorte_DMP_2021\" data-e-action-hash=\"#elementor-action%3Aaction%3Dlightbox%26settings%3DeyJpZCI6Mjk4OCwidXJsIjoiaHR0cHM6XC9cL21vbnRhZ2Vwcm9maXMuY2hcL3dwLWNvbnRlbnRcL3VwbG9hZHNcLzIwMjFcLzA1XC9TdGFuZG9ydGVfRE1QXzIwMjEucG5nIn0%3D\">\n\t\t\t\t\t\t\t<img decoding=\"async\" src=\"https:\/\/montageprofis.ch\/wp-content\/uploads\/elementor\/thumbs\/Standorte_DMP_2021-p70jnpq5w82izft8joea2p6rj6kk62jiosh1hdwoyg.png\" title=\"Standorte_DMP_2021\" alt=\"Standorte_DMP_2021\" loading=\"lazy\" \/>\t\t\t\t\t\t\t\t<\/a>\n\t\t\t\t\t\t\t\t\t\t\t\t\t\t\t<\/div>\n\t\t\t\t<\/div>\n\t\t\t\t\t<\/div>\n\t\t<\/div>\n\t\t\t\t<div class=\"elementor-column elementor-col-50 elementor-inner-column elementor-element elementor-element-83df4c1\" data-id=\"83df4c1\" data-element_type=\"column\" data-settings=\"{&quot;background_background&quot;:&quot;classic&quot;}\">\n\t\t\t<div class=\"elementor-widget-wrap elementor-element-populated\">\n\t\t\t\t\t\t<div class=\"elementor-element elementor-element-ca7482a elementor-widget elementor-widget-heading\" data-id=\"ca7482a\" data-element_type=\"widget\" data-widget_type=\"heading.default\">\n\t\t\t\t<div class=\"elementor-widget-container\">\n\t\t\t\t\t<h2 class=\"elementor-heading-title elementor-size-default\">R\u00e9seaux de filiales<\/h2>\t\t\t\t<\/div>\n\t\t\t\t<\/div>\n\t\t\t\t<div class=\"elementor-element elementor-element-f893d56 elementor-widget elementor-widget-text-editor\" data-id=\"f893d56\" data-element_type=\"widget\" data-widget_type=\"text-editor.default\">\n\t\t\t\t<div class=\"elementor-widget-container\">\n\t\t\t\t\t\t\t\t\t<div><span lang=\"FR\">Le d\u00e9veloppement du r\u00e9seau de filiales a commenc\u00e9 en 2000 \u00e0 Zurich. Depuis 2006, il n\u2019a cess\u00e9 de se d\u00e9velopper. Aujourd\u2019hui, Dietsche MontageProfis AG exploite cinq sites \u2013 Kriessern SG, Otelfingen ZH, H\u00fcnenberg ZG, Givisiez FR, Pratteln BL \u2013 r\u00e9partis dans toute la Suisse.<\/span><\/div>\n\t\t\t\t\t\t\t\t<\/div>\n\t\t\t\t<\/div>\n\t\t\t\t\t<\/div>\n\t\t<\/div>\n\t\t\t\t\t<\/div>\n\t\t<\/section>\n\t\t\t\t<section class=\"elementor-section elementor-inner-section elementor-element elementor-element-d17e814 elementor-section-full_width elementor-section-height-default elementor-section-height-default\" data-id=\"d17e814\" data-element_type=\"section\">\n\t\t\t\t\t\t<div class=\"elementor-container elementor-column-gap-default\">\n\t\t\t\t\t<div class=\"elementor-column elementor-col-50 elementor-inner-column elementor-element elementor-element-6920dd8\" data-id=\"6920dd8\" data-element_type=\"column\">\n\t\t\t<div class=\"elementor-widget-wrap elementor-element-populated\">\n\t\t\t\t\t\t<div class=\"elementor-element elementor-element-b571261 elementor-widget elementor-widget-image\" data-id=\"b571261\" data-element_type=\"widget\" data-widget_type=\"image.default\">\n\t\t\t\t<div class=\"elementor-widget-container\">\n\t\t\t\t\t\t\t\t\t\t\t\t\t\t\t\t<a href=\"https:\/\/montageprofis.ch\/wp-content\/uploads\/2021\/04\/fassaden-schuetzenwiese-1.jpg\" data-elementor-open-lightbox=\"yes\" data-elementor-lightbox-title=\"fassaden-schuetzenwiese.jpg\" data-e-action-hash=\"#elementor-action%3Aaction%3Dlightbox%26settings%3DeyJpZCI6MjYwNCwidXJsIjoiaHR0cHM6XC9cL21vbnRhZ2Vwcm9maXMuY2hcL3dwLWNvbnRlbnRcL3VwbG9hZHNcLzIwMjFcLzA0XC9mYXNzYWRlbi1zY2h1ZXR6ZW53aWVzZS0xLmpwZyJ9\">\n\t\t\t\t\t\t\t<img decoding=\"async\" src=\"https:\/\/montageprofis.ch\/wp-content\/uploads\/elementor\/thumbs\/fassaden-schuetzenwiese-1-p5zlt8ndc3iv0k5nuo7vonmuedrf2y73w55jr9v9lk.jpg\" title=\"fassaden-schuetzenwiese.jpg\" alt=\"fassaden-schuetzenwiese.jpg\" loading=\"lazy\" \/>\t\t\t\t\t\t\t\t<\/a>\n\t\t\t\t\t\t\t\t\t\t\t\t\t\t\t<\/div>\n\t\t\t\t<\/div>\n\t\t\t\t\t<\/div>\n\t\t<\/div>\n\t\t\t\t<div class=\"elementor-column elementor-col-50 elementor-inner-column elementor-element elementor-element-1e4f1d8\" data-id=\"1e4f1d8\" data-element_type=\"column\" data-settings=\"{&quot;background_background&quot;:&quot;classic&quot;}\">\n\t\t\t<div class=\"elementor-widget-wrap elementor-element-populated\">\n\t\t\t\t\t\t<div class=\"elementor-element elementor-element-d695a2f elementor-widget elementor-widget-heading\" data-id=\"d695a2f\" data-element_type=\"widget\" data-widget_type=\"heading.default\">\n\t\t\t\t<div class=\"elementor-widget-container\">\n\t\t\t\t\t<h2 class=\"elementor-heading-title elementor-size-default\">Nouvelle construction \u00e0 la Sch\u00fctzenwiese<\/h2>\t\t\t\t<\/div>\n\t\t\t\t<\/div>\n\t\t\t\t<div class=\"elementor-element elementor-element-f201627 elementor-widget elementor-widget-text-editor\" data-id=\"f201627\" data-element_type=\"widget\" data-widget_type=\"text-editor.default\">\n\t\t\t\t<div class=\"elementor-widget-container\">\n\t\t\t\t\t\t\t\t\t<div><span lang=\"FR\">Apr\u00e8s de nombreuses ann\u00e9es de r\u00e9ussite \u00e0 Diepoldsau, l\u2019entreprise s\u2019est r\u00e9install\u00e9e \u00e0 Kriessern en 2015, dans le nouveau b\u00e2timent de la Sch\u00fctzenwiese. Les bureaux et l\u2019entrep\u00f4t offrent un lieu de travail moderne \u00e0 une quarantaine de collaborateurs administratifs et servent de base \u00e0 la plupart de nos quelque 450 monteurs pour leurs interventions dans toute la Suisse.<\/span><\/div>\t\t\t\t\t\t\t\t<\/div>\n\t\t\t\t<\/div>\n\t\t\t\t\t<\/div>\n\t\t<\/div>\n\t\t\t\t\t<\/div>\n\t\t<\/section>\n\t\t\t\t<section class=\"elementor-section elementor-inner-section elementor-element elementor-element-bdd355c elementor-section-full_width elementor-section-height-default elementor-section-height-default\" data-id=\"bdd355c\" data-element_type=\"section\">\n\t\t\t\t\t\t<div class=\"elementor-container elementor-column-gap-default\">\n\t\t\t\t\t<div class=\"elementor-column elementor-col-50 elementor-inner-column elementor-element elementor-element-7cdcead\" data-id=\"7cdcead\" data-element_type=\"column\">\n\t\t\t<div class=\"elementor-widget-wrap elementor-element-populated\">\n\t\t\t\t\t\t<div class=\"elementor-element elementor-element-a6314cc elementor-widget elementor-widget-image\" data-id=\"a6314cc\" data-element_type=\"widget\" data-widget_type=\"image.default\">\n\t\t\t\t<div class=\"elementor-widget-container\">\n\t\t\t\t\t\t\t\t\t\t\t\t\t\t\t\t<a href=\"https:\/\/montageprofis.ch\/wp-content\/uploads\/2021\/06\/Roland_Jeremy_Robin.jpg\" data-elementor-open-lightbox=\"yes\" data-elementor-lightbox-title=\"Roland_Jeremy_Robin\" data-e-action-hash=\"#elementor-action%3Aaction%3Dlightbox%26settings%3DeyJpZCI6NDYwNywidXJsIjoiaHR0cHM6XC9cL21vbnRhZ2Vwcm9maXMuY2hcL3dwLWNvbnRlbnRcL3VwbG9hZHNcLzIwMjFcLzA2XC9Sb2xhbmRfSmVyZW15X1JvYmluLmpwZyJ9\">\n\t\t\t\t\t\t\t<img fetchpriority=\"high\" decoding=\"async\" width=\"1200\" height=\"700\" src=\"https:\/\/montageprofis.ch\/wp-content\/uploads\/2021\/06\/Roland_Jeremy_Robin.jpg\" class=\"attachment-full size-full wp-image-4607\" alt=\"\" srcset=\"https:\/\/montageprofis.ch\/wp-content\/uploads\/2021\/06\/Roland_Jeremy_Robin.jpg 1200w, https:\/\/montageprofis.ch\/wp-content\/uploads\/2021\/06\/Roland_Jeremy_Robin-300x175.jpg 300w, https:\/\/montageprofis.ch\/wp-content\/uploads\/2021\/06\/Roland_Jeremy_Robin-1024x597.jpg 1024w, https:\/\/montageprofis.ch\/wp-content\/uploads\/2021\/06\/Roland_Jeremy_Robin-768x448.jpg 768w\" sizes=\"(max-width: 1200px) 100vw, 1200px\" \/>\t\t\t\t\t\t\t\t<\/a>\n\t\t\t\t\t\t\t\t\t\t\t\t\t\t\t<\/div>\n\t\t\t\t<\/div>\n\t\t\t\t\t<\/div>\n\t\t<\/div>\n\t\t\t\t<div class=\"elementor-column elementor-col-50 elementor-inner-column elementor-element elementor-element-1253a19\" data-id=\"1253a19\" data-element_type=\"column\" data-settings=\"{&quot;background_background&quot;:&quot;classic&quot;}\">\n\t\t\t<div class=\"elementor-widget-wrap elementor-element-populated\">\n\t\t\t\t\t\t<div class=\"elementor-element elementor-element-8c43207 elementor-widget elementor-widget-heading\" data-id=\"8c43207\" data-element_type=\"widget\" data-widget_type=\"heading.default\">\n\t\t\t\t<div class=\"elementor-widget-container\">\n\t\t\t\t\t<h2 class=\"elementor-heading-title elementor-size-default\">Changement de g\u00e9n\u00e9ration<\/h2>\t\t\t\t<\/div>\n\t\t\t\t<\/div>\n\t\t\t\t<div class=\"elementor-element elementor-element-5077659 elementor-widget elementor-widget-text-editor\" data-id=\"5077659\" data-element_type=\"widget\" data-widget_type=\"text-editor.default\">\n\t\t\t\t<div class=\"elementor-widget-container\">\n\t\t\t\t\t\t\t\t\t<div><span lang=\"FR\">2021 a \u00e9t\u00e9 l\u2019ann\u00e9e du changement de g\u00e9n\u00e9ration chez Dietsche MontageProfis. Les fr\u00e8res Jeremy (menuisier CFC et \u00e9conomiste d\u2019entreprise dipl\u00f4m\u00e9 ES) et Robin Dietsche (menuisier CFC et technico-commercial) deviennent membres du conseil d\u2019administration et de la direction.<\/span><\/div>\t\t\t\t\t\t\t\t<\/div>\n\t\t\t\t<\/div>\n\t\t\t\t\t<\/div>\n\t\t<\/div>\n\t\t\t\t\t<\/div>\n\t\t<\/section>\n\t\t\t\t\t<\/div>\n\t\t<\/div>\n\t\t\t\t\t<\/div>\n\t\t<\/section>\n\t\t\t\t<section class=\"elementor-section elementor-top-section elementor-element elementor-element-dbaa705 elementor-section-boxed elementor-section-height-default elementor-section-height-default\" data-id=\"dbaa705\" data-element_type=\"section\">\n\t\t\t\t\t\t<div class=\"elementor-container elementor-column-gap-default\">\n\t\t\t\t\t<div class=\"elementor-column elementor-col-100 elementor-top-column elementor-element elementor-element-e09fe7e\" data-id=\"e09fe7e\" data-element_type=\"column\">\n\t\t\t<div class=\"elementor-widget-wrap elementor-element-populated\">\n\t\t\t\t\t\t<section class=\"elementor-section elementor-inner-section elementor-element elementor-element-ec359db elementor-section-boxed elementor-section-height-default elementor-section-height-default\" data-id=\"ec359db\" data-element_type=\"section\">\n\t\t\t\t\t\t<div class=\"elementor-container elementor-column-gap-default\">\n\t\t\t\t\t<div class=\"elementor-column elementor-col-50 elementor-inner-column elementor-element elementor-element-bbd08b0\" data-id=\"bbd08b0\" data-element_type=\"column\">\n\t\t\t<div class=\"elementor-widget-wrap\">\n\t\t\t\t\t\t\t<\/div>\n\t\t<\/div>\n\t\t\t\t<div class=\"elementor-column elementor-col-50 elementor-inner-column elementor-element elementor-element-c86e55f\" data-id=\"c86e55f\" data-element_type=\"column\">\n\t\t\t<div class=\"elementor-widget-wrap\">\n\t\t\t\t\t\t\t<\/div>\n\t\t<\/div>\n\t\t\t\t\t<\/div>\n\t\t<\/section>\n\t\t\t\t\t<\/div>\n\t\t<\/div>\n\t\t\t\t\t<\/div>\n\t\t<\/section>\n\t\t\t\t<\/div>\n\t\t","protected":false},"excerpt":{"rendered":"<p>Le montage est notre passion \u2013 depuis 1984. Dietsche MontageProfis AG Dietsche s\u2019appuie sur de nombreuses ann\u00e9es de tradition et mise sur des solutions d\u2019avenir. L\u2019aventure de la petite entreprise de montage de Kriessern, cr\u00e9\u00e9e en 1984, s\u2019est tr\u00e8s vite transform\u00e9e en une success-story suisse. 0 Sites 0 Monteurs 0 V\u00e9hicules Cr\u00e9ation Les fr\u00e8res Roland [&hellip;]<\/p>\n","protected":false},"author":3,"featured_media":0,"parent":1218,"menu_order":0,"comment_status":"closed","ping_status":"closed","template":"","meta":{"_acf_changed":false,"iawp_total_views":23,"footnotes":""},"class_list":["post-3492","page","type-page","status-publish","hentry"],"acf":[],"_links":{"self":[{"href":"https:\/\/montageprofis.ch\/fr\/wp-json\/wp\/v2\/pages\/3492","targetHints":{"allow":["GET"]}}],"collection":[{"href":"https:\/\/montageprofis.ch\/fr\/wp-json\/wp\/v2\/pages"}],"about":[{"href":"https:\/\/montageprofis.ch\/fr\/wp-json\/wp\/v2\/types\/page"}],"author":[{"embeddable":true,"href":"https:\/\/montageprofis.ch\/fr\/wp-json\/wp\/v2\/users\/3"}],"replies":[{"embeddable":true,"href":"https:\/\/montageprofis.ch\/fr\/wp-json\/wp\/v2\/comments?post=3492"}],"version-history":[{"count":24,"href":"https:\/\/montageprofis.ch\/fr\/wp-json\/wp\/v2\/pages\/3492\/revisions"}],"predecessor-version":[{"id":11998,"href":"https:\/\/montageprofis.ch\/fr\/wp-json\/wp\/v2\/pages\/3492\/revisions\/11998"}],"up":[{"embeddable":true,"href":"https:\/\/montageprofis.ch\/fr\/wp-json\/wp\/v2\/pages\/1218"}],"wp:attachment":[{"href":"https:\/\/montageprofis.ch\/fr\/wp-json\/wp\/v2\/media?parent=3492"}],"curies":[{"name":"wp","href":"https:\/\/api.w.org\/{rel}","templated":true}]}}