{"id":2050,"date":"2021-04-14T13:43:11","date_gmt":"2021-04-14T13:43:11","guid":{"rendered":"https:\/\/montageprofis.ch\/?page_id=2050"},"modified":"2024-11-05T15:18:54","modified_gmt":"2024-11-05T15:18:54","slug":"geschichte","status":"publish","type":"page","link":"https:\/\/montageprofis.ch\/de\/ueber-uns\/geschichte\/","title":{"rendered":"Geschichte"},"content":{"rendered":"\t\t<div data-elementor-type=\"wp-page\" data-elementor-id=\"2050\" class=\"elementor elementor-2050\" data-elementor-post-type=\"page\">\n\t\t\t\t\t\t<section class=\"elementor-section elementor-top-section elementor-element elementor-element-5bde4ad elementor-section-height-min-height of_slide hero_animation elementor-section-boxed elementor-section-height-default elementor-section-items-middle\" data-id=\"5bde4ad\" data-element_type=\"section\" data-settings=\"{&quot;background_background&quot;:&quot;slideshow&quot;,&quot;background_slideshow_gallery&quot;:[{&quot;id&quot;:2980,&quot;url&quot;:&quot;https:\\\/\\\/montageprofis.ch\\\/wp-content\\\/uploads\\\/2021\\\/05\\\/Collage-Vintage-kurz-1.jpg&quot;}],&quot;background_slideshow_loop&quot;:&quot;yes&quot;,&quot;background_slideshow_slide_duration&quot;:5000,&quot;background_slideshow_slide_transition&quot;:&quot;fade&quot;,&quot;background_slideshow_transition_duration&quot;:500}\">\n\t\t\t\t\t\t\t<div class=\"elementor-background-overlay\"><\/div>\n\t\t\t\t\t\t\t<div class=\"elementor-container elementor-column-gap-default\">\n\t\t\t\t\t<div class=\"elementor-column elementor-col-33 elementor-top-column elementor-element elementor-element-7fb70e2\" data-id=\"7fb70e2\" data-element_type=\"column\">\n\t\t\t<div class=\"elementor-widget-wrap\">\n\t\t\t\t\t\t\t<\/div>\n\t\t<\/div>\n\t\t\t\t<div class=\"elementor-column elementor-col-33 elementor-top-column elementor-element elementor-element-7623c4a slider-text\" data-id=\"7623c4a\" data-element_type=\"column\" data-settings=\"{&quot;animation&quot;:&quot;none&quot;}\">\n\t\t\t<div class=\"elementor-widget-wrap elementor-element-populated\">\n\t\t\t\t\t\t<div class=\"elementor-element elementor-element-404373e of_hero_slide elementor--h-position-center elementor--v-position-middle elementor-widget elementor-widget-slides\" data-id=\"404373e\" data-element_type=\"widget\" data-settings=\"{&quot;navigation&quot;:&quot;none&quot;,&quot;transition&quot;:&quot;fade&quot;,&quot;autoplay&quot;:&quot;yes&quot;,&quot;pause_on_hover&quot;:&quot;yes&quot;,&quot;pause_on_interaction&quot;:&quot;yes&quot;,&quot;autoplay_speed&quot;:5000,&quot;infinite&quot;:&quot;yes&quot;,&quot;transition_speed&quot;:500}\" data-widget_type=\"slides.default\">\n\t\t\t\t<div class=\"elementor-widget-container\">\n\t\t\t\t\t\t\t\t\t<div class=\"elementor-swiper\">\n\t\t\t\t\t<div class=\"elementor-slides-wrapper elementor-main-swiper swiper\" role=\"region\" aria-roledescription=\"carousel\" aria-label=\"Slider\" dir=\"ltr\" data-animation=\"\">\n\t\t\t\t<div class=\"swiper-wrapper elementor-slides\">\n\t\t\t\t\t\t\t\t\t\t<div class=\"elementor-repeater-item-619de1b swiper-slide\" role=\"group\" aria-roledescription=\"slide\"><div class=\"swiper-slide-bg\" role=\"img\"><\/div><div class=\"swiper-slide-inner\" ><div class=\"swiper-slide-contents\"><div class=\"elementor-slide-heading\">Montage ist unsere Leidenschaft \u2013 seit 1984.<\/div><\/div><\/div><\/div>\t\t\t\t<\/div>\n\t\t\t\t\t\t\t<\/div>\n\t\t\t\t<\/div>\n\t\t\t\t\t\t\t\t<\/div>\n\t\t\t\t<\/div>\n\t\t\t\t\t<\/div>\n\t\t<\/div>\n\t\t\t\t<div class=\"elementor-column elementor-col-33 elementor-top-column elementor-element elementor-element-5c3e158 elementor-hidden-tablet elementor-hidden-phone\" data-id=\"5c3e158\" data-element_type=\"column\">\n\t\t\t<div class=\"elementor-widget-wrap\">\n\t\t\t\t\t\t\t<\/div>\n\t\t<\/div>\n\t\t\t\t\t<\/div>\n\t\t<\/section>\n\t\t\t\t<section class=\"elementor-section elementor-top-section elementor-element elementor-element-ba9f7f6 elementor-section-boxed elementor-section-height-default elementor-section-height-default\" data-id=\"ba9f7f6\" data-element_type=\"section\">\n\t\t\t\t\t\t<div class=\"elementor-container elementor-column-gap-default\">\n\t\t\t\t\t<div class=\"elementor-column elementor-col-100 elementor-top-column elementor-element elementor-element-685b3fd\" data-id=\"685b3fd\" data-element_type=\"column\">\n\t\t\t<div class=\"elementor-widget-wrap elementor-element-populated\">\n\t\t\t\t\t\t<section class=\"elementor-section elementor-inner-section elementor-element elementor-element-655cd36 elementor-section-full_width elementor-reverse-mobile elementor-section-height-default elementor-section-height-default\" data-id=\"655cd36\" data-element_type=\"section\">\n\t\t\t\t\t\t<div class=\"elementor-container elementor-column-gap-default\">\n\t\t\t\t\t<div class=\"elementor-column elementor-col-100 elementor-inner-column elementor-element elementor-element-b5fe7d7\" data-id=\"b5fe7d7\" data-element_type=\"column\">\n\t\t\t<div class=\"elementor-widget-wrap elementor-element-populated\">\n\t\t\t\t\t\t<div class=\"elementor-element elementor-element-97e27c8 elementor-widget elementor-widget-heading\" data-id=\"97e27c8\" data-element_type=\"widget\" data-widget_type=\"heading.default\">\n\t\t\t\t<div class=\"elementor-widget-container\">\n\t\t\t\t\t<h1 class=\"elementor-heading-title elementor-size-default\">Die Dietsche MontageProfis AG<\/h1>\t\t\t\t<\/div>\n\t\t\t\t<\/div>\n\t\t\t\t<div class=\"elementor-element elementor-element-cb8587d elementor-widget elementor-widget-text-editor\" data-id=\"cb8587d\" data-element_type=\"widget\" data-widget_type=\"text-editor.default\">\n\t\t\t\t<div class=\"elementor-widget-container\">\n\t\t\t\t\t\t\t\t\t<p>Dietsche baut auf langj\u00e4hrige Tradition und setzt auf L\u00f6sungen mit Zukunft. Was 1984 als kleiner Montagebetrieb in Kriessern begann, hat sich schnell zu einer Erfolgsgeschichte in der Schweiz entwickelt. <\/p>\t\t\t\t\t\t\t\t<\/div>\n\t\t\t\t<\/div>\n\t\t\t\t\t<\/div>\n\t\t<\/div>\n\t\t\t\t\t<\/div>\n\t\t<\/section>\n\t\t\t\t<section class=\"elementor-section elementor-inner-section elementor-element elementor-element-edcddf6 elementor-section-boxed elementor-section-height-default elementor-section-height-default\" data-id=\"edcddf6\" data-element_type=\"section\">\n\t\t\t\t\t\t<div class=\"elementor-container elementor-column-gap-default\">\n\t\t\t\t\t<div class=\"elementor-column elementor-col-33 elementor-inner-column elementor-element elementor-element-7df886b\" data-id=\"7df886b\" data-element_type=\"column\">\n\t\t\t<div class=\"elementor-widget-wrap elementor-element-populated\">\n\t\t\t\t\t\t<div class=\"elementor-element elementor-element-b814b25 elementor-widget elementor-widget-counter\" data-id=\"b814b25\" data-element_type=\"widget\" data-widget_type=\"counter.default\">\n\t\t\t\t<div class=\"elementor-widget-container\">\n\t\t\t\t\t\t\t<div class=\"elementor-counter\">\n\t\t\t\t\t\t<div class=\"elementor-counter-number-wrapper\">\n\t\t\t\t<span class=\"elementor-counter-number-prefix\"><\/span>\n\t\t\t\t<span class=\"elementor-counter-number\" data-duration=\"2000\" data-to-value=\"4\" data-from-value=\"0\" data-delimiter=\",\">0<\/span>\n\t\t\t\t<span class=\"elementor-counter-number-suffix\"><\/span>\n\t\t\t<\/div>\n\t\t<\/div>\n\t\t\t\t\t\t<\/div>\n\t\t\t\t<\/div>\n\t\t\t\t<div class=\"elementor-element elementor-element-521be12 elementor-widget elementor-widget-heading\" data-id=\"521be12\" data-element_type=\"widget\" data-widget_type=\"heading.default\">\n\t\t\t\t<div class=\"elementor-widget-container\">\n\t\t\t\t\t<h2 class=\"elementor-heading-title elementor-size-default\">Standorte<\/h2>\t\t\t\t<\/div>\n\t\t\t\t<\/div>\n\t\t\t\t\t<\/div>\n\t\t<\/div>\n\t\t\t\t<div class=\"elementor-column elementor-col-33 elementor-inner-column elementor-element elementor-element-112015f\" data-id=\"112015f\" data-element_type=\"column\">\n\t\t\t<div class=\"elementor-widget-wrap elementor-element-populated\">\n\t\t\t\t\t\t<div class=\"elementor-element elementor-element-fb20437 elementor-widget elementor-widget-counter\" data-id=\"fb20437\" data-element_type=\"widget\" data-widget_type=\"counter.default\">\n\t\t\t\t<div class=\"elementor-widget-container\">\n\t\t\t\t\t\t\t<div class=\"elementor-counter\">\n\t\t\t\t\t\t<div class=\"elementor-counter-number-wrapper\">\n\t\t\t\t<span class=\"elementor-counter-number-prefix\"><\/span>\n\t\t\t\t<span class=\"elementor-counter-number\" data-duration=\"2000\" data-to-value=\"450\" data-from-value=\"0\" data-delimiter=\",\">0<\/span>\n\t\t\t\t<span class=\"elementor-counter-number-suffix\"><\/span>\n\t\t\t<\/div>\n\t\t<\/div>\n\t\t\t\t\t\t<\/div>\n\t\t\t\t<\/div>\n\t\t\t\t<div class=\"elementor-element elementor-element-c22a605 elementor-widget elementor-widget-heading\" data-id=\"c22a605\" data-element_type=\"widget\" data-widget_type=\"heading.default\">\n\t\t\t\t<div class=\"elementor-widget-container\">\n\t\t\t\t\t<h2 class=\"elementor-heading-title elementor-size-default\">Monteure<\/h2>\t\t\t\t<\/div>\n\t\t\t\t<\/div>\n\t\t\t\t\t<\/div>\n\t\t<\/div>\n\t\t\t\t<div class=\"elementor-column elementor-col-33 elementor-inner-column elementor-element elementor-element-a44b433\" data-id=\"a44b433\" data-element_type=\"column\">\n\t\t\t<div class=\"elementor-widget-wrap elementor-element-populated\">\n\t\t\t\t\t\t<div class=\"elementor-element elementor-element-a6359b8 elementor-widget elementor-widget-counter\" data-id=\"a6359b8\" data-element_type=\"widget\" data-widget_type=\"counter.default\">\n\t\t\t\t<div class=\"elementor-widget-container\">\n\t\t\t\t\t\t\t<div class=\"elementor-counter\">\n\t\t\t\t\t\t<div class=\"elementor-counter-number-wrapper\">\n\t\t\t\t<span class=\"elementor-counter-number-prefix\"><\/span>\n\t\t\t\t<span class=\"elementor-counter-number\" data-duration=\"2000\" data-to-value=\"300\" data-from-value=\"0\" data-delimiter=\",\">0<\/span>\n\t\t\t\t<span class=\"elementor-counter-number-suffix\"><\/span>\n\t\t\t<\/div>\n\t\t<\/div>\n\t\t\t\t\t\t<\/div>\n\t\t\t\t<\/div>\n\t\t\t\t<div class=\"elementor-element elementor-element-5b1276b elementor-widget elementor-widget-heading\" data-id=\"5b1276b\" data-element_type=\"widget\" data-widget_type=\"heading.default\">\n\t\t\t\t<div class=\"elementor-widget-container\">\n\t\t\t\t\t<h2 class=\"elementor-heading-title elementor-size-default\">Fahrzeuge<\/h2>\t\t\t\t<\/div>\n\t\t\t\t<\/div>\n\t\t\t\t\t<\/div>\n\t\t<\/div>\n\t\t\t\t\t<\/div>\n\t\t<\/section>\n\t\t\t\t\t<\/div>\n\t\t<\/div>\n\t\t\t\t\t<\/div>\n\t\t<\/section>\n\t\t\t\t<section class=\"elementor-section elementor-top-section elementor-element elementor-element-60a8dc4 elementor-section-boxed elementor-section-height-default elementor-section-height-default\" data-id=\"60a8dc4\" data-element_type=\"section\" data-settings=\"{&quot;background_background&quot;:&quot;classic&quot;}\">\n\t\t\t\t\t\t<div class=\"elementor-container elementor-column-gap-default\">\n\t\t\t\t\t<div class=\"elementor-column elementor-col-100 elementor-top-column elementor-element elementor-element-ae0917f\" data-id=\"ae0917f\" data-element_type=\"column\">\n\t\t\t<div class=\"elementor-widget-wrap elementor-element-populated\">\n\t\t\t\t\t\t<section class=\"elementor-section elementor-inner-section elementor-element elementor-element-4960269 elementor-section-full_width elementor-section-height-default elementor-section-height-default\" data-id=\"4960269\" data-element_type=\"section\">\n\t\t\t\t\t\t<div class=\"elementor-container elementor-column-gap-default\">\n\t\t\t\t\t<div class=\"elementor-column elementor-col-50 elementor-inner-column elementor-element elementor-element-e3383f3\" data-id=\"e3383f3\" data-element_type=\"column\">\n\t\t\t<div class=\"elementor-widget-wrap elementor-element-populated\">\n\t\t\t\t\t\t<div class=\"elementor-element elementor-element-81f7986 elementor-widget elementor-widget-image\" data-id=\"81f7986\" data-element_type=\"widget\" data-widget_type=\"image.default\">\n\t\t\t\t<div class=\"elementor-widget-container\">\n\t\t\t\t\t\t\t\t\t\t\t\t\t\t\t\t<a href=\"https:\/\/montageprofis.ch\/wp-content\/uploads\/2021\/05\/Haus_FamilieDietsche_1984_bearb.jpg\" data-elementor-open-lightbox=\"yes\" data-elementor-lightbox-title=\"Haus_FamilieDietsche_1984_bearb\" data-e-action-hash=\"#elementor-action%3Aaction%3Dlightbox%26settings%3DeyJpZCI6MjkzMCwidXJsIjoiaHR0cHM6XC9cL21vbnRhZ2Vwcm9maXMuY2hcL3dwLWNvbnRlbnRcL3VwbG9hZHNcLzIwMjFcLzA1XC9IYXVzX0ZhbWlsaWVEaWV0c2NoZV8xOTg0X2JlYXJiLmpwZyJ9\">\n\t\t\t\t\t\t\t<img decoding=\"async\" src=\"https:\/\/montageprofis.ch\/wp-content\/uploads\/elementor\/thumbs\/Haus_FamilieDietsche_1984_bearb-p6tdyuf12yqghkzdy76u26oayh2x2n0g8jrjiatcns.jpg\" title=\"Haus_FamilieDietsche_1984_bearb\" alt=\"Haus_FamilieDietsche_1984_bearb\" loading=\"lazy\" \/>\t\t\t\t\t\t\t\t<\/a>\n\t\t\t\t\t\t\t\t\t\t\t\t\t\t\t<\/div>\n\t\t\t\t<\/div>\n\t\t\t\t\t<\/div>\n\t\t<\/div>\n\t\t\t\t<div class=\"elementor-column elementor-col-50 elementor-inner-column elementor-element elementor-element-505c0df\" data-id=\"505c0df\" data-element_type=\"column\" data-settings=\"{&quot;background_background&quot;:&quot;classic&quot;}\">\n\t\t\t<div class=\"elementor-widget-wrap elementor-element-populated\">\n\t\t\t\t\t\t<div class=\"elementor-element elementor-element-4948b73 elementor-widget elementor-widget-heading\" data-id=\"4948b73\" data-element_type=\"widget\" data-widget_type=\"heading.default\">\n\t\t\t\t<div class=\"elementor-widget-container\">\n\t\t\t\t\t<h2 class=\"elementor-heading-title elementor-size-default\">Gr\u00fcndung<\/h2>\t\t\t\t<\/div>\n\t\t\t\t<\/div>\n\t\t\t\t<div class=\"elementor-element elementor-element-3a13806 elementor-widget elementor-widget-text-editor\" data-id=\"3a13806\" data-element_type=\"widget\" data-widget_type=\"text-editor.default\">\n\t\t\t\t<div class=\"elementor-widget-container\">\n\t\t\t\t\t\t\t\t\t<p>1984 starteten die Br\u00fcder Roland und Marcel Dietsche mit der Gr\u00fcndung der Dietsche MontageProfis. Was mit drei Monteuren, drei Werkzeugkisten und zwei Fahrzeugen im Elternhaus in Kriessern begann, hat sich schnell zur einer Erfolgsgeschichte in der Schweiz entwickelt. 1986 fand der Umzug in die Gesch\u00e4ftsliegenschaft an der Altst\u00e4tterstrasse in Kriessern statt. Bereits 1987 wurde diese weiter ausgebaut und die Anzahl der besch\u00e4ftigten Monteure stieg auf rund 40 an.\u00a0<\/p>\t\t\t\t\t\t\t\t<\/div>\n\t\t\t\t<\/div>\n\t\t\t\t\t<\/div>\n\t\t<\/div>\n\t\t\t\t\t<\/div>\n\t\t<\/section>\n\t\t\t\t<section class=\"elementor-section elementor-inner-section elementor-element elementor-element-d68770d elementor-section-full_width elementor-section-height-default elementor-section-height-default\" data-id=\"d68770d\" data-element_type=\"section\">\n\t\t\t\t\t\t<div class=\"elementor-container elementor-column-gap-default\">\n\t\t\t\t\t<div class=\"elementor-column elementor-col-50 elementor-inner-column elementor-element elementor-element-d97d0ea\" data-id=\"d97d0ea\" data-element_type=\"column\">\n\t\t\t<div class=\"elementor-widget-wrap elementor-element-populated\">\n\t\t\t\t\t\t<div class=\"elementor-element elementor-element-a7210b5 elementor-widget elementor-widget-image\" data-id=\"a7210b5\" data-element_type=\"widget\" data-widget_type=\"image.default\">\n\t\t\t\t<div class=\"elementor-widget-container\">\n\t\t\t\t\t\t\t\t\t\t\t\t\t\t\t\t<a href=\"https:\/\/montageprofis.ch\/wp-content\/uploads\/2021\/05\/DietscheMontageProfis_Fahrzeuge_Gebaeude_Diepoldsau.bmp\" data-elementor-open-lightbox=\"yes\" data-elementor-lightbox-title=\"DietscheMontageProfis_Fahrzeuge_Geb\u00e4ude_Diepoldsau\" data-e-action-hash=\"#elementor-action%3Aaction%3Dlightbox%26settings%3DeyJpZCI6MjkxOCwidXJsIjoiaHR0cHM6XC9cL21vbnRhZ2Vwcm9maXMuY2hcL3dwLWNvbnRlbnRcL3VwbG9hZHNcLzIwMjFcLzA1XC9EaWV0c2NoZU1vbnRhZ2VQcm9maXNfRmFocnpldWdlX0dlYmFldWRlX0RpZXBvbGRzYXUuYm1wIn0%3D\">\n\t\t\t\t\t\t\t<img decoding=\"async\" src=\"https:\/\/montageprofis.ch\/wp-content\/uploads\/elementor\/thumbs\/DietscheMontageProfis_Fahrzeuge_Gebaeude_Diepoldsau-p6rvhgiw4dqu62072dob54u2xoi3bog2kl8ssezcd4.bmp\" title=\"DietscheMontageProfis_Fahrzeuge_Geb\u00e4ude_Diepoldsau\" alt=\"DietscheMontageProfis_Fahrzeuge_Geb\u00e4ude_Diepoldsau\" loading=\"lazy\" \/>\t\t\t\t\t\t\t\t<\/a>\n\t\t\t\t\t\t\t\t\t\t\t\t\t\t\t<\/div>\n\t\t\t\t<\/div>\n\t\t\t\t\t<\/div>\n\t\t<\/div>\n\t\t\t\t<div class=\"elementor-column elementor-col-50 elementor-inner-column elementor-element elementor-element-7e9ece0\" data-id=\"7e9ece0\" data-element_type=\"column\" data-settings=\"{&quot;background_background&quot;:&quot;classic&quot;}\">\n\t\t\t<div class=\"elementor-widget-wrap elementor-element-populated\">\n\t\t\t\t\t\t<div class=\"elementor-element elementor-element-f2dd525 elementor-widget elementor-widget-heading\" data-id=\"f2dd525\" data-element_type=\"widget\" data-widget_type=\"heading.default\">\n\t\t\t\t<div class=\"elementor-widget-container\">\n\t\t\t\t\t<h2 class=\"elementor-heading-title elementor-size-default\">Liegenschaften<\/h2>\t\t\t\t<\/div>\n\t\t\t\t<\/div>\n\t\t\t\t<div class=\"elementor-element elementor-element-547cedb elementor-widget elementor-widget-text-editor\" data-id=\"547cedb\" data-element_type=\"widget\" data-widget_type=\"text-editor.default\">\n\t\t\t\t<div class=\"elementor-widget-container\">\n\t\t\t\t\t\t\t\t\t<p>Mit dem Kauf der Betriebsliegenschaft an der Moosackerstrasse in Diepoldsau im Jahre 1992, wurde weiterer Platz f\u00fcr damals bereits 80 Monteure geschaffen. Der Standort Diepoldsau war \u00fcber 20 Jahre lang, Dreh- und Angelpunkt f\u00fcr alle Monteure schweizweit.<\/p>\t\t\t\t\t\t\t\t<\/div>\n\t\t\t\t<\/div>\n\t\t\t\t\t<\/div>\n\t\t<\/div>\n\t\t\t\t\t<\/div>\n\t\t<\/section>\n\t\t\t\t<section class=\"elementor-section elementor-inner-section elementor-element elementor-element-0185e4d elementor-section-full_width elementor-section-height-default elementor-section-height-default\" data-id=\"0185e4d\" data-element_type=\"section\">\n\t\t\t\t\t\t<div class=\"elementor-container elementor-column-gap-default\">\n\t\t\t\t\t<div class=\"elementor-column elementor-col-50 elementor-inner-column elementor-element elementor-element-4dc18fc\" data-id=\"4dc18fc\" data-element_type=\"column\">\n\t\t\t<div class=\"elementor-widget-wrap elementor-element-populated\">\n\t\t\t\t\t\t<div class=\"elementor-element elementor-element-d3fb7a3 elementor-widget elementor-widget-image\" data-id=\"d3fb7a3\" data-element_type=\"widget\" data-widget_type=\"image.default\">\n\t\t\t\t<div class=\"elementor-widget-container\">\n\t\t\t\t\t\t\t\t\t\t\t\t\t\t\t\t<a href=\"https:\/\/montageprofis.ch\/wp-content\/uploads\/2021\/05\/Standorte_DMP_2021.png\" data-elementor-open-lightbox=\"yes\" data-elementor-lightbox-title=\"Standorte_DMP_2021\" data-e-action-hash=\"#elementor-action%3Aaction%3Dlightbox%26settings%3DeyJpZCI6Mjk4NiwidXJsIjoiaHR0cHM6XC9cL21vbnRhZ2Vwcm9maXMuY2hcL3dwLWNvbnRlbnRcL3VwbG9hZHNcLzIwMjFcLzA1XC9TdGFuZG9ydGVfRE1QXzIwMjEucG5nIn0%3D\">\n\t\t\t\t\t\t\t<img decoding=\"async\" src=\"https:\/\/montageprofis.ch\/wp-content\/uploads\/elementor\/thumbs\/Standorte_DMP_2021-p70jnpq5w82izft8joea2p6rj6kk62jiosh1hdwoyg.png\" title=\"Standorte_DMP_2021\" alt=\"Standorte_DMP_2021\" loading=\"lazy\" \/>\t\t\t\t\t\t\t\t<\/a>\n\t\t\t\t\t\t\t\t\t\t\t\t\t\t\t<\/div>\n\t\t\t\t<\/div>\n\t\t\t\t\t<\/div>\n\t\t<\/div>\n\t\t\t\t<div class=\"elementor-column elementor-col-50 elementor-inner-column elementor-element elementor-element-83df4c1\" data-id=\"83df4c1\" data-element_type=\"column\" data-settings=\"{&quot;background_background&quot;:&quot;classic&quot;}\">\n\t\t\t<div class=\"elementor-widget-wrap elementor-element-populated\">\n\t\t\t\t\t\t<div class=\"elementor-element elementor-element-ca7482a elementor-widget elementor-widget-heading\" data-id=\"ca7482a\" data-element_type=\"widget\" data-widget_type=\"heading.default\">\n\t\t\t\t<div class=\"elementor-widget-container\">\n\t\t\t\t\t<h2 class=\"elementor-heading-title elementor-size-default\">Filialnetz<\/h2>\t\t\t\t<\/div>\n\t\t\t\t<\/div>\n\t\t\t\t<div class=\"elementor-element elementor-element-f893d56 elementor-widget elementor-widget-text-editor\" data-id=\"f893d56\" data-element_type=\"widget\" data-widget_type=\"text-editor.default\">\n\t\t\t\t<div class=\"elementor-widget-container\">\n\t\t\t\t\t\t\t\t\t<p>Im Jahr 2000 startete der Aufbau des Filialnetzes in Z\u00fcrich.\u00a0 Seit 2006 wurde das Netz stetig weiter ausgebaut. Heute hat die Dietsche MontageProfis AG f\u00fcnf Standorte &#8211; Kriessern SG, Otelfingen ZH, H\u00fcnenberg ZG, Givisiez FR, Pratteln BL &#8211;\u00a0 \u00fcber die ganze Schweiz verteilt.<\/p><p>\u00a0<\/p>\t\t\t\t\t\t\t\t<\/div>\n\t\t\t\t<\/div>\n\t\t\t\t\t<\/div>\n\t\t<\/div>\n\t\t\t\t\t<\/div>\n\t\t<\/section>\n\t\t\t\t<section class=\"elementor-section elementor-inner-section elementor-element elementor-element-d17e814 elementor-section-full_width elementor-section-height-default elementor-section-height-default\" data-id=\"d17e814\" data-element_type=\"section\">\n\t\t\t\t\t\t<div class=\"elementor-container elementor-column-gap-default\">\n\t\t\t\t\t<div class=\"elementor-column elementor-col-50 elementor-inner-column elementor-element elementor-element-6920dd8\" data-id=\"6920dd8\" data-element_type=\"column\">\n\t\t\t<div class=\"elementor-widget-wrap elementor-element-populated\">\n\t\t\t\t\t\t<div class=\"elementor-element elementor-element-b571261 elementor-widget elementor-widget-image\" data-id=\"b571261\" data-element_type=\"widget\" data-widget_type=\"image.default\">\n\t\t\t\t<div class=\"elementor-widget-container\">\n\t\t\t\t\t\t\t\t\t\t\t\t\t\t\t\t<a href=\"https:\/\/montageprofis.ch\/wp-content\/uploads\/2021\/04\/fassaden-schuetzenwiese-1.jpg\" data-elementor-open-lightbox=\"yes\" data-elementor-lightbox-title=\"fassaden-schuetzenwiese.jpg\" data-e-action-hash=\"#elementor-action%3Aaction%3Dlightbox%26settings%3DeyJpZCI6MjYwMywidXJsIjoiaHR0cHM6XC9cL21vbnRhZ2Vwcm9maXMuY2hcL3dwLWNvbnRlbnRcL3VwbG9hZHNcLzIwMjFcLzA0XC9mYXNzYWRlbi1zY2h1ZXR6ZW53aWVzZS0xLmpwZyJ9\">\n\t\t\t\t\t\t\t<img decoding=\"async\" src=\"https:\/\/montageprofis.ch\/wp-content\/uploads\/elementor\/thumbs\/fassaden-schuetzenwiese-1-p5zlt8ndc3iv0k5nuo7vonmuedrf2y73w55jr9v9lk.jpg\" title=\"fassaden-schuetzenwiese.jpg\" alt=\"fassaden-schuetzenwiese.jpg\" loading=\"lazy\" \/>\t\t\t\t\t\t\t\t<\/a>\n\t\t\t\t\t\t\t\t\t\t\t\t\t\t\t<\/div>\n\t\t\t\t<\/div>\n\t\t\t\t\t<\/div>\n\t\t<\/div>\n\t\t\t\t<div class=\"elementor-column elementor-col-50 elementor-inner-column elementor-element elementor-element-1e4f1d8\" data-id=\"1e4f1d8\" data-element_type=\"column\" data-settings=\"{&quot;background_background&quot;:&quot;classic&quot;}\">\n\t\t\t<div class=\"elementor-widget-wrap elementor-element-populated\">\n\t\t\t\t\t\t<div class=\"elementor-element elementor-element-d695a2f elementor-widget elementor-widget-heading\" data-id=\"d695a2f\" data-element_type=\"widget\" data-widget_type=\"heading.default\">\n\t\t\t\t<div class=\"elementor-widget-container\">\n\t\t\t\t\t<h2 class=\"elementor-heading-title elementor-size-default\">Neubau Sch\u00fctzenwiese<\/h2>\t\t\t\t<\/div>\n\t\t\t\t<\/div>\n\t\t\t\t<div class=\"elementor-element elementor-element-f201627 elementor-widget elementor-widget-text-editor\" data-id=\"f201627\" data-element_type=\"widget\" data-widget_type=\"text-editor.default\">\n\t\t\t\t<div class=\"elementor-widget-container\">\n\t\t\t\t\t\t\t\t\t<p>Nach vielen erfolgreichen Jahren in Diepoldsau wechselte der Standort 2015 mit dem Neubau auf der Sch\u00fctzenwiese zur\u00fcck nach Kriessern. B\u00fcros und Lager bilden einen modernen Arbeitsplatz f\u00fcr rund 40 Mitarbeiterinnen und Mitarbeiter in der Administration und sind f\u00fcr den grossen Teil unserer rund 450 Monteure der Ausgangspunkt schweizweiter Montage-Eins\u00e4tze.<\/p>\t\t\t\t\t\t\t\t<\/div>\n\t\t\t\t<\/div>\n\t\t\t\t\t<\/div>\n\t\t<\/div>\n\t\t\t\t\t<\/div>\n\t\t<\/section>\n\t\t\t\t<section class=\"elementor-section elementor-inner-section elementor-element elementor-element-bdd355c elementor-section-full_width elementor-section-height-default elementor-section-height-default\" data-id=\"bdd355c\" data-element_type=\"section\">\n\t\t\t\t\t\t<div class=\"elementor-container elementor-column-gap-default\">\n\t\t\t\t\t<div class=\"elementor-column elementor-col-50 elementor-inner-column elementor-element elementor-element-7cdcead\" data-id=\"7cdcead\" data-element_type=\"column\">\n\t\t\t<div class=\"elementor-widget-wrap elementor-element-populated\">\n\t\t\t\t\t\t<div class=\"elementor-element elementor-element-a6314cc elementor-widget elementor-widget-image\" data-id=\"a6314cc\" data-element_type=\"widget\" data-widget_type=\"image.default\">\n\t\t\t\t<div class=\"elementor-widget-container\">\n\t\t\t\t\t\t\t\t\t\t\t\t\t\t\t\t<a href=\"https:\/\/montageprofis.ch\/wp-content\/uploads\/2021\/06\/Roland_Jeremy_Robin.jpg\" data-elementor-open-lightbox=\"yes\" data-elementor-lightbox-title=\"Roland_Jeremy_Robin\" data-e-action-hash=\"#elementor-action%3Aaction%3Dlightbox%26settings%3DeyJpZCI6NDYwNSwidXJsIjoiaHR0cHM6XC9cL21vbnRhZ2Vwcm9maXMuY2hcL3dwLWNvbnRlbnRcL3VwbG9hZHNcLzIwMjFcLzA2XC9Sb2xhbmRfSmVyZW15X1JvYmluLmpwZyJ9\">\n\t\t\t\t\t\t\t<img fetchpriority=\"high\" decoding=\"async\" width=\"1200\" height=\"700\" src=\"https:\/\/montageprofis.ch\/wp-content\/uploads\/2021\/06\/Roland_Jeremy_Robin.jpg\" class=\"attachment-full size-full wp-image-4605\" alt=\"\" srcset=\"https:\/\/montageprofis.ch\/wp-content\/uploads\/2021\/06\/Roland_Jeremy_Robin.jpg 1200w, https:\/\/montageprofis.ch\/wp-content\/uploads\/2021\/06\/Roland_Jeremy_Robin-300x175.jpg 300w, https:\/\/montageprofis.ch\/wp-content\/uploads\/2021\/06\/Roland_Jeremy_Robin-1024x597.jpg 1024w, https:\/\/montageprofis.ch\/wp-content\/uploads\/2021\/06\/Roland_Jeremy_Robin-768x448.jpg 768w\" sizes=\"(max-width: 1200px) 100vw, 1200px\" \/>\t\t\t\t\t\t\t\t<\/a>\n\t\t\t\t\t\t\t\t\t\t\t\t\t\t\t<\/div>\n\t\t\t\t<\/div>\n\t\t\t\t\t<\/div>\n\t\t<\/div>\n\t\t\t\t<div class=\"elementor-column elementor-col-50 elementor-inner-column elementor-element elementor-element-1253a19\" data-id=\"1253a19\" data-element_type=\"column\" data-settings=\"{&quot;background_background&quot;:&quot;classic&quot;}\">\n\t\t\t<div class=\"elementor-widget-wrap elementor-element-populated\">\n\t\t\t\t\t\t<div class=\"elementor-element elementor-element-8c43207 elementor-widget elementor-widget-heading\" data-id=\"8c43207\" data-element_type=\"widget\" data-widget_type=\"heading.default\">\n\t\t\t\t<div class=\"elementor-widget-container\">\n\t\t\t\t\t<h2 class=\"elementor-heading-title elementor-size-default\">Generationenwechsel<\/h2>\t\t\t\t<\/div>\n\t\t\t\t<\/div>\n\t\t\t\t<div class=\"elementor-element elementor-element-5077659 elementor-widget elementor-widget-text-editor\" data-id=\"5077659\" data-element_type=\"widget\" data-widget_type=\"text-editor.default\">\n\t\t\t\t<div class=\"elementor-widget-container\">\n\t\t\t\t\t\t\t\t\t<p>2021 fand der Generationenwechsel bei den Dietsche MontageProfis statt. Die Br\u00fcder Jeremy (Schreiner EFZ und dipl. Betriebswirtschafter HF) und Robin Dietsche (Schreiner EFZ und Technischer Kaufmann), werden Mitglied im Verwaltungsrat und in der Gesch\u00e4ftsleitung.<\/p>\t\t\t\t\t\t\t\t<\/div>\n\t\t\t\t<\/div>\n\t\t\t\t\t<\/div>\n\t\t<\/div>\n\t\t\t\t\t<\/div>\n\t\t<\/section>\n\t\t\t\t\t<\/div>\n\t\t<\/div>\n\t\t\t\t\t<\/div>\n\t\t<\/section>\n\t\t\t\t<section class=\"elementor-section elementor-top-section elementor-element elementor-element-dbaa705 elementor-section-boxed elementor-section-height-default elementor-section-height-default\" data-id=\"dbaa705\" data-element_type=\"section\">\n\t\t\t\t\t\t<div class=\"elementor-container elementor-column-gap-default\">\n\t\t\t\t\t<div class=\"elementor-column elementor-col-100 elementor-top-column elementor-element elementor-element-e09fe7e\" data-id=\"e09fe7e\" data-element_type=\"column\">\n\t\t\t<div class=\"elementor-widget-wrap elementor-element-populated\">\n\t\t\t\t\t\t<section class=\"elementor-section elementor-inner-section elementor-element elementor-element-ec359db elementor-section-boxed elementor-section-height-default elementor-section-height-default\" data-id=\"ec359db\" data-element_type=\"section\">\n\t\t\t\t\t\t<div class=\"elementor-container elementor-column-gap-default\">\n\t\t\t\t\t<div class=\"elementor-column elementor-col-50 elementor-inner-column elementor-element elementor-element-bbd08b0\" data-id=\"bbd08b0\" data-element_type=\"column\">\n\t\t\t<div class=\"elementor-widget-wrap\">\n\t\t\t\t\t\t\t<\/div>\n\t\t<\/div>\n\t\t\t\t<div class=\"elementor-column elementor-col-50 elementor-inner-column elementor-element elementor-element-c86e55f\" data-id=\"c86e55f\" data-element_type=\"column\">\n\t\t\t<div class=\"elementor-widget-wrap\">\n\t\t\t\t\t\t\t<\/div>\n\t\t<\/div>\n\t\t\t\t\t<\/div>\n\t\t<\/section>\n\t\t\t\t\t<\/div>\n\t\t<\/div>\n\t\t\t\t\t<\/div>\n\t\t<\/section>\n\t\t\t\t<\/div>\n\t\t","protected":false},"excerpt":{"rendered":"<p>Montage ist unsere Leidenschaft \u2013 seit 1984. Die Dietsche MontageProfis AG Dietsche baut auf langj\u00e4hrige Tradition und setzt auf L\u00f6sungen mit Zukunft. Was 1984 als kleiner Montagebetrieb in Kriessern begann, hat sich schnell zu einer Erfolgsgeschichte in der Schweiz entwickelt. 0 Standorte 0 Monteure 0 Fahrzeuge Gr\u00fcndung 1984 starteten die Br\u00fcder Roland und Marcel Dietsche [&hellip;]<\/p>\n","protected":false},"author":3,"featured_media":0,"parent":19,"menu_order":0,"comment_status":"closed","ping_status":"closed","template":"","meta":{"_acf_changed":false,"iawp_total_views":617,"footnotes":""},"class_list":["post-2050","page","type-page","status-publish","hentry"],"acf":[],"_links":{"self":[{"href":"https:\/\/montageprofis.ch\/de\/wp-json\/wp\/v2\/pages\/2050","targetHints":{"allow":["GET"]}}],"collection":[{"href":"https:\/\/montageprofis.ch\/de\/wp-json\/wp\/v2\/pages"}],"about":[{"href":"https:\/\/montageprofis.ch\/de\/wp-json\/wp\/v2\/types\/page"}],"author":[{"embeddable":true,"href":"https:\/\/montageprofis.ch\/de\/wp-json\/wp\/v2\/users\/3"}],"replies":[{"embeddable":true,"href":"https:\/\/montageprofis.ch\/de\/wp-json\/wp\/v2\/comments?post=2050"}],"version-history":[{"count":110,"href":"https:\/\/montageprofis.ch\/de\/wp-json\/wp\/v2\/pages\/2050\/revisions"}],"predecessor-version":[{"id":11694,"href":"https:\/\/montageprofis.ch\/de\/wp-json\/wp\/v2\/pages\/2050\/revisions\/11694"}],"up":[{"embeddable":true,"href":"https:\/\/montageprofis.ch\/de\/wp-json\/wp\/v2\/pages\/19"}],"wp:attachment":[{"href":"https:\/\/montageprofis.ch\/de\/wp-json\/wp\/v2\/media?parent=2050"}],"curies":[{"name":"wp","href":"https:\/\/api.w.org\/{rel}","templated":true}]}}