{"id":2002,"date":"2021-04-12T20:43:55","date_gmt":"2021-04-12T20:43:55","guid":{"rendered":"https:\/\/montageprofis.ch\/?page_id=2002"},"modified":"2025-06-17T13:57:56","modified_gmt":"2025-06-17T13:57:56","slug":"netzwerk","status":"publish","type":"page","link":"https:\/\/montageprofis.ch\/de\/ueber-uns\/netzwerk\/","title":{"rendered":"Netzwerk"},"content":{"rendered":"\t\t<div data-elementor-type=\"wp-page\" data-elementor-id=\"2002\" class=\"elementor elementor-2002\" data-elementor-post-type=\"page\">\n\t\t\t\t\t\t<section class=\"elementor-section elementor-top-section elementor-element elementor-element-cd84a6c elementor-section-height-min-height of_slide hero_animation elementor-section-boxed elementor-section-height-default elementor-section-items-middle\" data-id=\"cd84a6c\" data-element_type=\"section\" data-settings=\"{&quot;background_background&quot;:&quot;slideshow&quot;,&quot;background_slideshow_gallery&quot;:[{&quot;id&quot;:629,&quot;url&quot;:&quot;https:\\\/\\\/montageprofis.ch\\\/wp-content\\\/uploads\\\/2021\\\/03\\\/bild1-1.jpg&quot;}],&quot;background_slideshow_loop&quot;:&quot;yes&quot;,&quot;background_slideshow_slide_duration&quot;:5000,&quot;background_slideshow_slide_transition&quot;:&quot;fade&quot;,&quot;background_slideshow_transition_duration&quot;:500}\">\n\t\t\t\t\t\t\t<div class=\"elementor-background-overlay\"><\/div>\n\t\t\t\t\t\t\t<div class=\"elementor-container elementor-column-gap-default\">\n\t\t\t\t\t<div class=\"elementor-column elementor-col-33 elementor-top-column elementor-element elementor-element-d3f059e\" data-id=\"d3f059e\" data-element_type=\"column\">\n\t\t\t<div class=\"elementor-widget-wrap\">\n\t\t\t\t\t\t\t<\/div>\n\t\t<\/div>\n\t\t\t\t<div class=\"elementor-column elementor-col-33 elementor-top-column elementor-element elementor-element-055f363 slider-text\" data-id=\"055f363\" data-element_type=\"column\">\n\t\t\t<div class=\"elementor-widget-wrap elementor-element-populated\">\n\t\t\t\t\t\t<div class=\"elementor-element elementor-element-fe88625 of_hero_slide elementor--h-position-center elementor--v-position-middle elementor-widget elementor-widget-slides\" data-id=\"fe88625\" data-element_type=\"widget\" data-settings=\"{&quot;navigation&quot;:&quot;none&quot;,&quot;transition&quot;:&quot;fade&quot;,&quot;autoplay&quot;:&quot;yes&quot;,&quot;pause_on_hover&quot;:&quot;yes&quot;,&quot;pause_on_interaction&quot;:&quot;yes&quot;,&quot;autoplay_speed&quot;:5000,&quot;infinite&quot;:&quot;yes&quot;,&quot;transition_speed&quot;:500}\" data-widget_type=\"slides.default\">\n\t\t\t\t<div class=\"elementor-widget-container\">\n\t\t\t\t\t\t\t\t\t<div class=\"elementor-swiper\">\n\t\t\t\t\t<div class=\"elementor-slides-wrapper elementor-main-swiper swiper\" role=\"region\" aria-roledescription=\"carousel\" aria-label=\"Slider\" dir=\"ltr\" data-animation=\"\">\n\t\t\t\t<div class=\"swiper-wrapper elementor-slides\">\n\t\t\t\t\t\t\t\t\t\t<div class=\"elementor-repeater-item-e868642 swiper-slide\" role=\"group\" aria-roledescription=\"slide\"><div class=\"swiper-slide-bg\" role=\"img\"><\/div><div class=\"swiper-slide-inner\" ><div class=\"swiper-slide-contents\"><div class=\"elementor-slide-heading\">Unser partnerschaftliches Netzwerk.<\/div><\/div><\/div><\/div>\t\t\t\t<\/div>\n\t\t\t\t\t\t\t<\/div>\n\t\t\t\t<\/div>\n\t\t\t\t\t\t\t\t<\/div>\n\t\t\t\t<\/div>\n\t\t\t\t\t<\/div>\n\t\t<\/div>\n\t\t\t\t<div class=\"elementor-column elementor-col-33 elementor-top-column elementor-element elementor-element-201229b elementor-hidden-tablet elementor-hidden-phone\" data-id=\"201229b\" data-element_type=\"column\">\n\t\t\t<div class=\"elementor-widget-wrap\">\n\t\t\t\t\t\t\t<\/div>\n\t\t<\/div>\n\t\t\t\t\t<\/div>\n\t\t<\/section>\n\t\t\t\t<section class=\"elementor-section elementor-top-section elementor-element elementor-element-ec3b7ec elementor-section-boxed elementor-section-height-default elementor-section-height-default\" data-id=\"ec3b7ec\" data-element_type=\"section\">\n\t\t\t\t\t\t<div class=\"elementor-container elementor-column-gap-default\">\n\t\t\t\t\t<div class=\"elementor-column elementor-col-100 elementor-top-column elementor-element elementor-element-1e3edb9\" data-id=\"1e3edb9\" data-element_type=\"column\">\n\t\t\t<div class=\"elementor-widget-wrap elementor-element-populated\">\n\t\t\t\t\t\t<section class=\"elementor-section elementor-inner-section elementor-element elementor-element-190951d elementor-section-full_width elementor-reverse-mobile elementor-section-height-default elementor-section-height-default\" data-id=\"190951d\" data-element_type=\"section\">\n\t\t\t\t\t\t<div class=\"elementor-container elementor-column-gap-default\">\n\t\t\t\t\t<div class=\"elementor-column elementor-col-100 elementor-inner-column elementor-element elementor-element-de6905b\" data-id=\"de6905b\" data-element_type=\"column\">\n\t\t\t<div class=\"elementor-widget-wrap elementor-element-populated\">\n\t\t\t\t\t\t<div class=\"elementor-element elementor-element-33c7de1 elementor-widget elementor-widget-menu-anchor\" data-id=\"33c7de1\" data-element_type=\"widget\" data-widget_type=\"menu-anchor.default\">\n\t\t\t\t<div class=\"elementor-widget-container\">\n\t\t\t\t\t\t\t<div class=\"elementor-menu-anchor\" id=\"angebot\"><\/div>\n\t\t\t\t\t\t<\/div>\n\t\t\t\t<\/div>\n\t\t\t\t<div class=\"elementor-element elementor-element-fb33ae7 elementor-widget elementor-widget-heading\" data-id=\"fb33ae7\" data-element_type=\"widget\" data-widget_type=\"heading.default\">\n\t\t\t\t<div class=\"elementor-widget-container\">\n\t\t\t\t\t<h1 class=\"elementor-heading-title elementor-size-default\">Unser starkes Netzwerk<\/h1>\t\t\t\t<\/div>\n\t\t\t\t<\/div>\n\t\t\t\t<div class=\"elementor-element elementor-element-a0b70f0 elementor-widget elementor-widget-text-editor\" data-id=\"a0b70f0\" data-element_type=\"widget\" data-widget_type=\"text-editor.default\">\n\t\t\t\t<div class=\"elementor-widget-container\">\n\t\t\t\t\t\t\t\t\t<p>Wir sind stolz darauf, viele starke Unternehmen als langj\u00e4hrige Partner an unserer Seite zu haben.<\/p>\t\t\t\t\t\t\t\t<\/div>\n\t\t\t\t<\/div>\n\t\t\t\t\t<\/div>\n\t\t<\/div>\n\t\t\t\t\t<\/div>\n\t\t<\/section>\n\t\t\t\t<div class=\"elementor-element elementor-element-d89852e elementor-widget__width-auto elementor-fixed elementor-widget elementor-widget-image\" data-id=\"d89852e\" data-element_type=\"widget\" data-settings=\"{&quot;_position&quot;:&quot;fixed&quot;}\" data-widget_type=\"image.default\">\n\t\t\t\t<div class=\"elementor-widget-container\">\n\t\t\t\t\t\t\t\t\t\t\t\t\t\t\t<img decoding=\"async\" width=\"143\" height=\"125\" src=\"https:\/\/montageprofis.ch\/wp-content\/uploads\/2021\/03\/message-removebg-preview.png\" class=\"attachment-large size-large wp-image-272\" alt=\"\" \/>\t\t\t\t\t\t\t\t\t\t\t\t\t\t\t<\/div>\n\t\t\t\t<\/div>\n\t\t\t\t<section class=\"elementor-section elementor-inner-section elementor-element elementor-element-7258412 elementor-section-boxed elementor-section-height-default elementor-section-height-default\" data-id=\"7258412\" data-element_type=\"section\">\n\t\t\t\t\t\t<div class=\"elementor-container elementor-column-gap-extended\">\n\t\t\t\t\t<div class=\"elementor-column elementor-col-33 elementor-inner-column elementor-element elementor-element-e7b77a4\" data-id=\"e7b77a4\" data-element_type=\"column\">\n\t\t\t<div class=\"elementor-widget-wrap elementor-element-populated\">\n\t\t\t\t\t\t<div class=\"elementor-element elementor-element-0ae28dc of_reference_project_slide elementor-widget elementor-widget-image-carousel\" data-id=\"0ae28dc\" data-element_type=\"widget\" data-settings=\"{&quot;slides_to_show&quot;:&quot;1&quot;,&quot;navigation&quot;:&quot;none&quot;,&quot;autoplay&quot;:&quot;no&quot;,&quot;infinite&quot;:&quot;no&quot;,&quot;slides_to_show_tablet&quot;:&quot;1&quot;,&quot;effect&quot;:&quot;slide&quot;,&quot;speed&quot;:500}\" data-widget_type=\"image-carousel.default\">\n\t\t\t\t<div class=\"elementor-widget-container\">\n\t\t\t\t\t\t\t<div class=\"elementor-image-carousel-wrapper swiper\" role=\"region\" aria-roledescription=\"carousel\" aria-label=\"Bild Karussell\" dir=\"ltr\">\n\t\t\t<div class=\"elementor-image-carousel swiper-wrapper swiper-image-stretch\" aria-live=\"polite\">\n\t\t\t\t\t\t\t\t<div class=\"swiper-slide\" role=\"group\" aria-roledescription=\"slide\" aria-label=\"1 von 1\"><a data-elementor-open-lightbox=\"yes\" data-elementor-lightbox-slideshow=\"0ae28dc\" data-elementor-lightbox-title=\"Logos\" data-e-action-hash=\"#elementor-action%3Aaction%3Dlightbox%26settings%3DeyJpZCI6MjExMiwidXJsIjoiaHR0cHM6XC9cL21vbnRhZ2Vwcm9maXMuY2hcL3dwLWNvbnRlbnRcL3VwbG9hZHNcLzIwMjFcLzA0XC9Mb2dvcy5wbmciLCJzbGlkZXNob3ciOiIwYWUyOGRjIn0%3D\" href=\"https:\/\/www.labco.ch\/\" target=\"_blank\"><figure class=\"swiper-slide-inner\"><img decoding=\"async\" class=\"swiper-slide-image\" src=\"https:\/\/montageprofis.ch\/wp-content\/uploads\/2021\/04\/Logos.png\" alt=\"Logos\" \/><\/figure><\/a><\/div>\t\t\t<\/div>\n\t\t\t\t\t<\/div>\n\t\t\t\t\t\t<\/div>\n\t\t\t\t<\/div>\n\t\t\t\t<div class=\"elementor-element elementor-element-32207dc of_slide_caption elementor-widget elementor-widget-text-editor\" data-id=\"32207dc\" data-element_type=\"widget\" data-widget_type=\"text-editor.default\">\n\t\t\t\t<div class=\"elementor-widget-container\">\n\t\t\t\t\t\t\t\t\t<h2>Labco AG<\/h2><p>Fachpartner f\u00fcr Labormontage, Service und Wartung.<\/p>\t\t\t\t\t\t\t\t<\/div>\n\t\t\t\t<\/div>\n\t\t\t\t\t<\/div>\n\t\t<\/div>\n\t\t\t\t<div class=\"elementor-column elementor-col-33 elementor-inner-column elementor-element elementor-element-a151ac4\" data-id=\"a151ac4\" data-element_type=\"column\">\n\t\t\t<div class=\"elementor-widget-wrap elementor-element-populated\">\n\t\t\t\t\t\t<div class=\"elementor-element elementor-element-ee38022 of_reference_project_slide elementor-widget elementor-widget-image-carousel\" data-id=\"ee38022\" data-element_type=\"widget\" data-settings=\"{&quot;slides_to_show&quot;:&quot;1&quot;,&quot;navigation&quot;:&quot;none&quot;,&quot;autoplay&quot;:&quot;no&quot;,&quot;infinite&quot;:&quot;no&quot;,&quot;slides_to_show_tablet&quot;:&quot;1&quot;,&quot;effect&quot;:&quot;slide&quot;,&quot;speed&quot;:500}\" data-widget_type=\"image-carousel.default\">\n\t\t\t\t<div class=\"elementor-widget-container\">\n\t\t\t\t\t\t\t<div class=\"elementor-image-carousel-wrapper swiper\" role=\"region\" aria-roledescription=\"carousel\" aria-label=\"Bild Karussell\" dir=\"ltr\">\n\t\t\t<div class=\"elementor-image-carousel swiper-wrapper swiper-image-stretch\" aria-live=\"polite\">\n\t\t\t\t\t\t\t\t<div class=\"swiper-slide\" role=\"group\" aria-roledescription=\"slide\" aria-label=\"1 von 1\"><a data-elementor-open-lightbox=\"yes\" data-elementor-lightbox-slideshow=\"ee38022\" data-elementor-lightbox-title=\"Logos2\" data-e-action-hash=\"#elementor-action%3Aaction%3Dlightbox%26settings%3DeyJpZCI6MjExNCwidXJsIjoiaHR0cHM6XC9cL21vbnRhZ2Vwcm9maXMuY2hcL3dwLWNvbnRlbnRcL3VwbG9hZHNcLzIwMjFcLzA0XC9Mb2dvczIucG5nIiwic2xpZGVzaG93IjoiZWUzODAyMiJ9\" href=\"https:\/\/www.akustik-raum.ch\/de\" target=\"_blank\"><figure class=\"swiper-slide-inner\"><img decoding=\"async\" class=\"swiper-slide-image\" src=\"https:\/\/montageprofis.ch\/wp-content\/uploads\/2021\/04\/Logos2.png\" alt=\"Logos2\" \/><\/figure><\/a><\/div>\t\t\t<\/div>\n\t\t\t\t\t<\/div>\n\t\t\t\t\t\t<\/div>\n\t\t\t\t<\/div>\n\t\t\t\t<div class=\"elementor-element elementor-element-ed62614 of_slide_caption elementor-widget elementor-widget-text-editor\" data-id=\"ed62614\" data-element_type=\"widget\" data-widget_type=\"text-editor.default\">\n\t\t\t\t<div class=\"elementor-widget-container\">\n\t\t\t\t\t\t\t\t\t<h2>Akustik &amp; Raum AG<\/h2><p>Zukunftsweisende Raumakustik-L\u00f6sungen &#8211; Systeme und Produkte exakt auf die individuellen Bed\u00fcrfnisse abgestimmt.<\/p>\t\t\t\t\t\t\t\t<\/div>\n\t\t\t\t<\/div>\n\t\t\t\t\t<\/div>\n\t\t<\/div>\n\t\t\t\t<div class=\"elementor-column elementor-col-33 elementor-inner-column elementor-element elementor-element-c3eeb29\" data-id=\"c3eeb29\" data-element_type=\"column\">\n\t\t\t<div class=\"elementor-widget-wrap elementor-element-populated\">\n\t\t\t\t\t\t<div class=\"elementor-element elementor-element-358e8fb of_reference_project_slide elementor-widget elementor-widget-image-carousel\" data-id=\"358e8fb\" data-element_type=\"widget\" data-settings=\"{&quot;slides_to_show&quot;:&quot;1&quot;,&quot;navigation&quot;:&quot;none&quot;,&quot;autoplay&quot;:&quot;no&quot;,&quot;infinite&quot;:&quot;no&quot;,&quot;slides_to_show_tablet&quot;:&quot;1&quot;,&quot;effect&quot;:&quot;slide&quot;,&quot;speed&quot;:500}\" data-widget_type=\"image-carousel.default\">\n\t\t\t\t<div class=\"elementor-widget-container\">\n\t\t\t\t\t\t\t<div class=\"elementor-image-carousel-wrapper swiper\" role=\"region\" aria-roledescription=\"carousel\" aria-label=\"Bild Karussell\" dir=\"ltr\">\n\t\t\t<div class=\"elementor-image-carousel swiper-wrapper swiper-image-stretch\" aria-live=\"polite\">\n\t\t\t\t\t\t\t\t<div class=\"swiper-slide\" role=\"group\" aria-roledescription=\"slide\" aria-label=\"1 von 1\"><a data-elementor-open-lightbox=\"yes\" data-elementor-lightbox-slideshow=\"358e8fb\" data-elementor-lightbox-title=\"Kachel_UrbanDietsche_und_S\u00f6hne_AG\" data-e-action-hash=\"#elementor-action%3Aaction%3Dlightbox%26settings%3DeyJpZCI6NTE3MiwidXJsIjoiaHR0cHM6XC9cL21vbnRhZ2Vwcm9maXMuY2hcL3dwLWNvbnRlbnRcL3VwbG9hZHNcLzIwMjFcLzA5XC9LYWNoZWxfVXJiYW5EaWV0c2NoZV91bmRfU29laG5lX0FHLTUuanBnIiwic2xpZGVzaG93IjoiMzU4ZThmYiJ9\" href=\"https:\/\/urbandietsche.ch\/de\/\" target=\"_blank\"><figure class=\"swiper-slide-inner\"><img decoding=\"async\" class=\"swiper-slide-image\" src=\"https:\/\/montageprofis.ch\/wp-content\/uploads\/2021\/09\/Kachel_UrbanDietsche_und_Soehne_AG-5.jpg\" alt=\"Kachel_UrbanDietsche_und_S\u00f6hne_AG\" \/><\/figure><\/a><\/div>\t\t\t<\/div>\n\t\t\t\t\t<\/div>\n\t\t\t\t\t\t<\/div>\n\t\t\t\t<\/div>\n\t\t\t\t<div class=\"elementor-element elementor-element-83a576c of_slide_caption elementor-widget elementor-widget-text-editor\" data-id=\"83a576c\" data-element_type=\"widget\" data-widget_type=\"text-editor.default\">\n\t\t\t\t<div class=\"elementor-widget-container\">\n\t\t\t\t\t\t\t\t\t<h2>Urban Dietsche &amp; S\u00f6hne AG<\/h2><p>Immobilienbewirtschaftung mit Engagement.<\/p>\t\t\t\t\t\t\t\t<\/div>\n\t\t\t\t<\/div>\n\t\t\t\t\t<\/div>\n\t\t<\/div>\n\t\t\t\t\t<\/div>\n\t\t<\/section>\n\t\t\t\t<section class=\"elementor-section elementor-inner-section elementor-element elementor-element-969aa7f elementor-section-boxed elementor-section-height-default elementor-section-height-default\" data-id=\"969aa7f\" data-element_type=\"section\">\n\t\t\t\t\t\t<div class=\"elementor-container elementor-column-gap-default\">\n\t\t\t\t\t<div class=\"elementor-column elementor-col-33 elementor-inner-column elementor-element elementor-element-f39fc3a\" data-id=\"f39fc3a\" data-element_type=\"column\">\n\t\t\t<div class=\"elementor-widget-wrap elementor-element-populated\">\n\t\t\t\t\t\t<div class=\"elementor-element elementor-element-f780f25 of_reference_project_slide elementor-widget elementor-widget-image-carousel\" data-id=\"f780f25\" data-element_type=\"widget\" data-settings=\"{&quot;slides_to_show&quot;:&quot;1&quot;,&quot;navigation&quot;:&quot;none&quot;,&quot;autoplay&quot;:&quot;no&quot;,&quot;infinite&quot;:&quot;no&quot;,&quot;slides_to_show_tablet&quot;:&quot;1&quot;,&quot;effect&quot;:&quot;slide&quot;,&quot;speed&quot;:500}\" data-widget_type=\"image-carousel.default\">\n\t\t\t\t<div class=\"elementor-widget-container\">\n\t\t\t\t\t\t\t<div class=\"elementor-image-carousel-wrapper swiper\" role=\"region\" aria-roledescription=\"carousel\" aria-label=\"Bild Karussell\" dir=\"ltr\">\n\t\t\t<div class=\"elementor-image-carousel swiper-wrapper swiper-image-stretch\" aria-live=\"polite\">\n\t\t\t\t\t\t\t\t<div class=\"swiper-slide\" role=\"group\" aria-roledescription=\"slide\" aria-label=\"1 von 1\"><a data-elementor-open-lightbox=\"yes\" data-elementor-lightbox-slideshow=\"f780f25\" data-elementor-lightbox-title=\"Kachel_HotelProfis\" data-e-action-hash=\"#elementor-action%3Aaction%3Dlightbox%26settings%3DeyJpZCI6NTE3OCwidXJsIjoiaHR0cHM6XC9cL21vbnRhZ2Vwcm9maXMuY2hcL3dwLWNvbnRlbnRcL3VwbG9hZHNcLzIwMjFcLzA5XC9LYWNoZWxfSG90ZWxQcm9maXMuanBnIiwic2xpZGVzaG93IjoiZjc4MGYyNSJ9\" href=\"https:\/\/www.hotelprofis.ch\/\" target=\"_blank\"><figure class=\"swiper-slide-inner\"><img decoding=\"async\" class=\"swiper-slide-image\" src=\"https:\/\/montageprofis.ch\/wp-content\/uploads\/2021\/09\/Kachel_HotelProfis.jpg\" alt=\"Kachel_HotelProfis\" \/><\/figure><\/a><\/div>\t\t\t<\/div>\n\t\t\t\t\t<\/div>\n\t\t\t\t\t\t<\/div>\n\t\t\t\t<\/div>\n\t\t\t\t<div class=\"elementor-element elementor-element-76d2789 of_slide_caption elementor-widget elementor-widget-text-editor\" data-id=\"76d2789\" data-element_type=\"widget\" data-widget_type=\"text-editor.default\">\n\t\t\t\t<div class=\"elementor-widget-container\">\n\t\t\t\t\t\t\t\t\t<h2>Hotel Profis\u00a0<\/h2><p>Das im 2021 renovierte Businesshotel in Diepoldsau, mit moderner komfortabler Ausstattung, bietet jedes Wohnmodell: gem\u00fctliche Zimmer f\u00fcr einen kurzen Aufenthalt und wohnliche Studios f\u00fcr l\u00e4ngere Aufenthalte.\u00a0<\/p>\t\t\t\t\t\t\t\t<\/div>\n\t\t\t\t<\/div>\n\t\t\t\t\t<\/div>\n\t\t<\/div>\n\t\t\t\t<div class=\"elementor-column elementor-col-33 elementor-inner-column elementor-element elementor-element-3a9829a\" data-id=\"3a9829a\" data-element_type=\"column\">\n\t\t\t<div class=\"elementor-widget-wrap elementor-element-populated\">\n\t\t\t\t\t\t<div class=\"elementor-element elementor-element-5b3e775 of_reference_project_slide elementor-widget elementor-widget-image-carousel\" data-id=\"5b3e775\" data-element_type=\"widget\" data-settings=\"{&quot;slides_to_show&quot;:&quot;1&quot;,&quot;navigation&quot;:&quot;none&quot;,&quot;autoplay&quot;:&quot;no&quot;,&quot;infinite&quot;:&quot;no&quot;,&quot;slides_to_show_tablet&quot;:&quot;1&quot;,&quot;effect&quot;:&quot;slide&quot;,&quot;speed&quot;:500}\" data-widget_type=\"image-carousel.default\">\n\t\t\t\t<div class=\"elementor-widget-container\">\n\t\t\t\t\t\t\t<div class=\"elementor-image-carousel-wrapper swiper\" role=\"region\" aria-roledescription=\"carousel\" aria-label=\"Bild Karussell\" dir=\"ltr\">\n\t\t\t<div class=\"elementor-image-carousel swiper-wrapper swiper-image-stretch\" aria-live=\"polite\">\n\t\t\t\t\t\t\t\t<div class=\"swiper-slide\" role=\"group\" aria-roledescription=\"slide\" aria-label=\"1 von 1\"><a data-elementor-open-lightbox=\"yes\" data-elementor-lightbox-slideshow=\"5b3e775\" data-elementor-lightbox-title=\"Kachel_ProfisBar\" data-e-action-hash=\"#elementor-action%3Aaction%3Dlightbox%26settings%3DeyJpZCI6NTE4NSwidXJsIjoiaHR0cHM6XC9cL21vbnRhZ2Vwcm9maXMuY2hcL3dwLWNvbnRlbnRcL3VwbG9hZHNcLzIwMjFcLzA5XC9LYWNoZWxfUHJvZmlzQmFyLTEuanBnIiwic2xpZGVzaG93IjoiNWIzZTc3NSJ9\" href=\"https:\/\/profisbar.ch\/\" target=\"_blank\"><figure class=\"swiper-slide-inner\"><img decoding=\"async\" class=\"swiper-slide-image\" src=\"https:\/\/montageprofis.ch\/wp-content\/uploads\/2021\/09\/Kachel_ProfisBar-1.jpg\" alt=\"Kachel_ProfisBar\" \/><\/figure><\/a><\/div>\t\t\t<\/div>\n\t\t\t\t\t<\/div>\n\t\t\t\t\t\t<\/div>\n\t\t\t\t<\/div>\n\t\t\t\t<div class=\"elementor-element elementor-element-f955cd4 of_slide_caption elementor-widget elementor-widget-text-editor\" data-id=\"f955cd4\" data-element_type=\"widget\" data-widget_type=\"text-editor.default\">\n\t\t\t\t<div class=\"elementor-widget-container\">\n\t\t\t\t\t\t\t\t\t<h2>Profis Bar<\/h2><p>Die trendige Bar in Diepoldsau bietet eine Auswahl an k\u00f6stlichen Drinks, Cocktails, Weinen und Snacks. Ein Fumoir und ein Billardtisch sorgen f\u00fcr entspannte Atmosph\u00e4re und laden zum gem\u00fctlichen Ausklang des Tages ein.<\/p>\t\t\t\t\t\t\t\t<\/div>\n\t\t\t\t<\/div>\n\t\t\t\t\t<\/div>\n\t\t<\/div>\n\t\t\t\t<div class=\"elementor-column elementor-col-33 elementor-inner-column elementor-element elementor-element-43b1121\" data-id=\"43b1121\" data-element_type=\"column\">\n\t\t\t<div class=\"elementor-widget-wrap elementor-element-populated\">\n\t\t\t\t\t\t<div class=\"elementor-element elementor-element-d2629e0 of_reference_project_slide elementor-widget elementor-widget-image-carousel\" data-id=\"d2629e0\" data-element_type=\"widget\" data-settings=\"{&quot;slides_to_show&quot;:&quot;1&quot;,&quot;navigation&quot;:&quot;none&quot;,&quot;autoplay&quot;:&quot;no&quot;,&quot;infinite&quot;:&quot;no&quot;,&quot;slides_to_show_tablet&quot;:&quot;1&quot;,&quot;effect&quot;:&quot;slide&quot;,&quot;speed&quot;:500}\" data-widget_type=\"image-carousel.default\">\n\t\t\t\t<div class=\"elementor-widget-container\">\n\t\t\t\t\t\t\t<div class=\"elementor-image-carousel-wrapper swiper\" role=\"region\" aria-roledescription=\"carousel\" aria-label=\"Bild Karussell\" dir=\"ltr\">\n\t\t\t<div class=\"elementor-image-carousel swiper-wrapper swiper-image-stretch\" aria-live=\"polite\">\n\t\t\t\t\t\t\t\t<div class=\"swiper-slide\" role=\"group\" aria-roledescription=\"slide\" aria-label=\"1 von 1\"><a data-elementor-open-lightbox=\"yes\" data-elementor-lightbox-slideshow=\"d2629e0\" data-elementor-lightbox-title=\"Kachel_HotelRiverside\" data-e-action-hash=\"#elementor-action%3Aaction%3Dlightbox%26settings%3DeyJpZCI6OTM2MywidXJsIjoiaHR0cHM6XC9cL21vbnRhZ2Vwcm9maXMuY2hcL3dwLWNvbnRlbnRcL3VwbG9hZHNcLzIwMjRcLzEwXC9LYWNoZWxfSG90ZWxSaXZlcnNpZGUtc2NhbGVkLmpwZyIsInNsaWRlc2hvdyI6ImQyNjI5ZTAifQ%3D%3D\" href=\"https:\/\/hotelriverside.ch\/\" target=\"_blank\"><figure class=\"swiper-slide-inner\"><img decoding=\"async\" class=\"swiper-slide-image\" src=\"https:\/\/montageprofis.ch\/wp-content\/uploads\/2024\/10\/Kachel_HotelRiverside-scaled.jpg\" alt=\"Kachel_HotelRiverside\" \/><\/figure><\/a><\/div>\t\t\t<\/div>\n\t\t\t\t\t<\/div>\n\t\t\t\t\t\t<\/div>\n\t\t\t\t<\/div>\n\t\t\t\t<div class=\"elementor-element elementor-element-de06428 of_slide_caption elementor-widget elementor-widget-text-editor\" data-id=\"de06428\" data-element_type=\"widget\" data-widget_type=\"text-editor.default\">\n\t\t\t\t<div class=\"elementor-widget-container\">\n\t\t\t\t\t\t\t\t\t<h2>Hotel Riverside<\/h2><p>Das frisch renovierte Business-Hotel in Duggingen bietet eine ideale Unterkunft f\u00fcr Gesch\u00e4ftsreisen. Nahe der Birs gelegen, geniessen Sie eine ruhige, gr\u00fcne Umgebung \u2013 perfekt zur Erholung nach einem Arbeitstag.<\/p>\t\t\t\t\t\t\t\t<\/div>\n\t\t\t\t<\/div>\n\t\t\t\t\t<\/div>\n\t\t<\/div>\n\t\t\t\t\t<\/div>\n\t\t<\/section>\n\t\t\t\t<section class=\"elementor-section elementor-inner-section elementor-element elementor-element-a03a633 elementor-section-boxed elementor-section-height-default elementor-section-height-default\" data-id=\"a03a633\" data-element_type=\"section\">\n\t\t\t\t\t\t<div class=\"elementor-container elementor-column-gap-default\">\n\t\t\t\t\t<div class=\"elementor-column elementor-col-33 elementor-inner-column elementor-element elementor-element-7807928\" data-id=\"7807928\" data-element_type=\"column\">\n\t\t\t<div class=\"elementor-widget-wrap elementor-element-populated\">\n\t\t\t\t\t\t<div class=\"elementor-element elementor-element-5e9147e of_reference_project_slide elementor-widget elementor-widget-image-carousel\" data-id=\"5e9147e\" data-element_type=\"widget\" data-settings=\"{&quot;slides_to_show&quot;:&quot;1&quot;,&quot;navigation&quot;:&quot;none&quot;,&quot;autoplay&quot;:&quot;no&quot;,&quot;infinite&quot;:&quot;no&quot;,&quot;slides_to_show_tablet&quot;:&quot;1&quot;,&quot;effect&quot;:&quot;slide&quot;,&quot;speed&quot;:500}\" data-widget_type=\"image-carousel.default\">\n\t\t\t\t<div class=\"elementor-widget-container\">\n\t\t\t\t\t\t\t<div class=\"elementor-image-carousel-wrapper swiper\" role=\"region\" aria-roledescription=\"carousel\" aria-label=\"Bild Karussell\" dir=\"ltr\">\n\t\t\t<div class=\"elementor-image-carousel swiper-wrapper swiper-image-stretch\" aria-live=\"polite\">\n\t\t\t\t\t\t\t\t<div class=\"swiper-slide\" role=\"group\" aria-roledescription=\"slide\" aria-label=\"1 von 1\"><a data-elementor-open-lightbox=\"yes\" data-elementor-lightbox-slideshow=\"5e9147e\" data-elementor-lightbox-title=\"Logos3\" data-e-action-hash=\"#elementor-action%3Aaction%3Dlightbox%26settings%3DeyJpZCI6MjExNiwidXJsIjoiaHR0cHM6XC9cL21vbnRhZ2Vwcm9maXMuY2hcL3dwLWNvbnRlbnRcL3VwbG9hZHNcLzIwMjFcLzA0XC9Mb2dvczMucG5nIiwic2xpZGVzaG93IjoiNWU5MTQ3ZSJ9\" href=\"https:\/\/www.profimaler.ch\/\" target=\"_blank\"><figure class=\"swiper-slide-inner\"><img decoding=\"async\" class=\"swiper-slide-image\" src=\"https:\/\/montageprofis.ch\/wp-content\/uploads\/2021\/04\/Logos3.png\" alt=\"Logos3\" \/><\/figure><\/a><\/div>\t\t\t<\/div>\n\t\t\t\t\t<\/div>\n\t\t\t\t\t\t<\/div>\n\t\t\t\t<\/div>\n\t\t\t\t<div class=\"elementor-element elementor-element-bf4a10b of_slide_caption elementor-widget elementor-widget-text-editor\" data-id=\"bf4a10b\" data-element_type=\"widget\" data-widget_type=\"text-editor.default\">\n\t\t\t\t<div class=\"elementor-widget-container\">\n\t\t\t\t\t\t\t\t\t<h2>profimaler.ch<\/h2><p>Der Profi f\u00fcr perfekte Maler- und Tapezierarbeiten mit Sinn f\u00fcr Details und in hochwertiger Facharbeit.<\/p>\t\t\t\t\t\t\t\t<\/div>\n\t\t\t\t<\/div>\n\t\t\t\t\t<\/div>\n\t\t<\/div>\n\t\t\t\t<div class=\"elementor-column elementor-col-33 elementor-inner-column elementor-element elementor-element-e7f93fc\" data-id=\"e7f93fc\" data-element_type=\"column\">\n\t\t\t<div class=\"elementor-widget-wrap elementor-element-populated\">\n\t\t\t\t\t\t<div class=\"elementor-element elementor-element-39c85fb of_reference_project_slide elementor-widget elementor-widget-image-carousel\" data-id=\"39c85fb\" data-element_type=\"widget\" data-settings=\"{&quot;slides_to_show&quot;:&quot;1&quot;,&quot;navigation&quot;:&quot;none&quot;,&quot;autoplay&quot;:&quot;no&quot;,&quot;infinite&quot;:&quot;no&quot;,&quot;slides_to_show_tablet&quot;:&quot;1&quot;,&quot;effect&quot;:&quot;slide&quot;,&quot;speed&quot;:500}\" data-widget_type=\"image-carousel.default\">\n\t\t\t\t<div class=\"elementor-widget-container\">\n\t\t\t\t\t\t\t<div class=\"elementor-image-carousel-wrapper swiper\" role=\"region\" aria-roledescription=\"carousel\" aria-label=\"Bild Karussell\" dir=\"ltr\">\n\t\t\t<div class=\"elementor-image-carousel swiper-wrapper swiper-image-stretch\" aria-live=\"polite\">\n\t\t\t\t\t\t\t\t<div class=\"swiper-slide\" role=\"group\" aria-roledescription=\"slide\" aria-label=\"1 von 1\"><a data-elementor-open-lightbox=\"yes\" data-elementor-lightbox-slideshow=\"39c85fb\" data-elementor-lightbox-title=\"Logos5\" data-e-action-hash=\"#elementor-action%3Aaction%3Dlightbox%26settings%3DeyJpZCI6MjEyMCwidXJsIjoiaHR0cHM6XC9cL21vbnRhZ2Vwcm9maXMuY2hcL3dwLWNvbnRlbnRcL3VwbG9hZHNcLzIwMjFcLzA0XC9Mb2dvczUucG5nIiwic2xpZGVzaG93IjoiMzljODVmYiJ9\" href=\"https:\/\/www.profigipser-gmbh.ch\/\" target=\"_blank\"><figure class=\"swiper-slide-inner\"><img decoding=\"async\" class=\"swiper-slide-image\" src=\"https:\/\/montageprofis.ch\/wp-content\/uploads\/2021\/04\/Logos5.png\" alt=\"Logos5\" \/><\/figure><\/a><\/div>\t\t\t<\/div>\n\t\t\t\t\t<\/div>\n\t\t\t\t\t\t<\/div>\n\t\t\t\t<\/div>\n\t\t\t\t<div class=\"elementor-element elementor-element-219585e of_slide_caption elementor-widget elementor-widget-text-editor\" data-id=\"219585e\" data-element_type=\"widget\" data-widget_type=\"text-editor.default\">\n\t\t\t\t<div class=\"elementor-widget-container\">\n\t\t\t\t\t\t\t\t\t<h2>profigipser.ch GmbH<\/h2><p>Der Profi f\u00fcr s\u00e4mtliche Gipser- und Trockenbauarbeiten an Neubauten oder bei Renovationen.<\/p>\t\t\t\t\t\t\t\t<\/div>\n\t\t\t\t<\/div>\n\t\t\t\t\t<\/div>\n\t\t<\/div>\n\t\t\t\t<div class=\"elementor-column elementor-col-33 elementor-inner-column elementor-element elementor-element-f264c78\" data-id=\"f264c78\" data-element_type=\"column\">\n\t\t\t<div class=\"elementor-widget-wrap elementor-element-populated\">\n\t\t\t\t\t\t<div class=\"elementor-element elementor-element-54ddb47 of_reference_project_slide elementor-widget elementor-widget-image-carousel\" data-id=\"54ddb47\" data-element_type=\"widget\" data-settings=\"{&quot;slides_to_show&quot;:&quot;1&quot;,&quot;navigation&quot;:&quot;none&quot;,&quot;autoplay&quot;:&quot;no&quot;,&quot;infinite&quot;:&quot;no&quot;,&quot;slides_to_show_tablet&quot;:&quot;1&quot;,&quot;effect&quot;:&quot;slide&quot;,&quot;speed&quot;:500}\" data-widget_type=\"image-carousel.default\">\n\t\t\t\t<div class=\"elementor-widget-container\">\n\t\t\t\t\t\t\t<div class=\"elementor-image-carousel-wrapper swiper\" role=\"region\" aria-roledescription=\"carousel\" aria-label=\"Bild Karussell\" dir=\"ltr\">\n\t\t\t<div class=\"elementor-image-carousel swiper-wrapper swiper-image-stretch\" aria-live=\"polite\">\n\t\t\t\t\t\t\t\t<div class=\"swiper-slide\" role=\"group\" aria-roledescription=\"slide\" aria-label=\"1 von 1\"><a data-elementor-open-lightbox=\"yes\" data-elementor-lightbox-slideshow=\"54ddb47\" data-elementor-lightbox-title=\"Logos4\" data-e-action-hash=\"#elementor-action%3Aaction%3Dlightbox%26settings%3DeyJpZCI6MjExOCwidXJsIjoiaHR0cHM6XC9cL21vbnRhZ2Vwcm9maXMuY2hcL3dwLWNvbnRlbnRcL3VwbG9hZHNcLzIwMjFcLzA0XC9Mb2dvczQucG5nIiwic2xpZGVzaG93IjoiNTRkZGI0NyJ9\" href=\"https:\/\/www.malerschmidheinyag.ch\/\" target=\"_blank\"><figure class=\"swiper-slide-inner\"><img decoding=\"async\" class=\"swiper-slide-image\" src=\"https:\/\/montageprofis.ch\/wp-content\/uploads\/2021\/04\/Logos4.png\" alt=\"Logos4\" \/><\/figure><\/a><\/div>\t\t\t<\/div>\n\t\t\t\t\t<\/div>\n\t\t\t\t\t\t<\/div>\n\t\t\t\t<\/div>\n\t\t\t\t<div class=\"elementor-element elementor-element-ec40120 of_slide_caption elementor-widget elementor-widget-text-editor\" data-id=\"ec40120\" data-element_type=\"widget\" data-widget_type=\"text-editor.default\">\n\t\t\t\t<div class=\"elementor-widget-container\">\n\t\t\t\t\t\t\t\t\t<h2>Kurt Schmidheiny AG<\/h2><p>Hochstehende Malerarbeiten im Aussen- und Innenbereich.<\/p>\t\t\t\t\t\t\t\t<\/div>\n\t\t\t\t<\/div>\n\t\t\t\t\t<\/div>\n\t\t<\/div>\n\t\t\t\t\t<\/div>\n\t\t<\/section>\n\t\t\t\t<section class=\"elementor-section elementor-inner-section elementor-element elementor-element-89376d1 elementor-section-boxed elementor-section-height-default elementor-section-height-default\" data-id=\"89376d1\" data-element_type=\"section\">\n\t\t\t\t\t\t<div class=\"elementor-container elementor-column-gap-default\">\n\t\t\t\t\t<div class=\"elementor-column elementor-col-33 elementor-inner-column elementor-element elementor-element-91e9824\" data-id=\"91e9824\" data-element_type=\"column\">\n\t\t\t<div class=\"elementor-widget-wrap elementor-element-populated\">\n\t\t\t\t\t\t<div class=\"elementor-element elementor-element-47b4d7f of_reference_project_slide elementor-widget elementor-widget-image-carousel\" data-id=\"47b4d7f\" data-element_type=\"widget\" data-settings=\"{&quot;slides_to_show&quot;:&quot;1&quot;,&quot;navigation&quot;:&quot;none&quot;,&quot;autoplay&quot;:&quot;no&quot;,&quot;infinite&quot;:&quot;no&quot;,&quot;slides_to_show_tablet&quot;:&quot;1&quot;,&quot;effect&quot;:&quot;slide&quot;,&quot;speed&quot;:500}\" data-widget_type=\"image-carousel.default\">\n\t\t\t\t<div class=\"elementor-widget-container\">\n\t\t\t\t\t\t\t<div class=\"elementor-image-carousel-wrapper swiper\" role=\"region\" aria-roledescription=\"carousel\" aria-label=\"Bild Karussell\" dir=\"ltr\">\n\t\t\t<div class=\"elementor-image-carousel swiper-wrapper swiper-image-stretch\" aria-live=\"polite\">\n\t\t\t\t\t\t\t\t<div class=\"swiper-slide\" role=\"group\" aria-roledescription=\"slide\" aria-label=\"1 von 1\"><a data-elementor-open-lightbox=\"yes\" data-elementor-lightbox-slideshow=\"47b4d7f\" data-elementor-lightbox-title=\"Logos13\" data-e-action-hash=\"#elementor-action%3Aaction%3Dlightbox%26settings%3DeyJpZCI6MjEzNiwidXJsIjoiaHR0cHM6XC9cL21vbnRhZ2Vwcm9maXMuY2hcL3dwLWNvbnRlbnRcL3VwbG9hZHNcLzIwMjFcLzA0XC9Mb2dvczEzLnBuZyIsInNsaWRlc2hvdyI6IjQ3YjRkN2YifQ%3D%3D\" href=\"http:\/\/www.energierheintal.ch\/de\/home.php\" target=\"_blank\"><figure class=\"swiper-slide-inner\"><img decoding=\"async\" class=\"swiper-slide-image\" src=\"https:\/\/montageprofis.ch\/wp-content\/uploads\/2021\/04\/Logos13.png\" alt=\"Logos13\" \/><\/figure><\/a><\/div>\t\t\t<\/div>\n\t\t\t\t\t<\/div>\n\t\t\t\t\t\t<\/div>\n\t\t\t\t<\/div>\n\t\t\t\t<div class=\"elementor-element elementor-element-132cb55 of_slide_caption elementor-widget elementor-widget-text-editor\" data-id=\"132cb55\" data-element_type=\"widget\" data-widget_type=\"text-editor.default\">\n\t\t\t\t<div class=\"elementor-widget-container\">\n\t\t\t\t\t\t\t\t\t<h2>Energie Rheintal AG<\/h2><p>Intelligente Energieversorgung \u2013 regional, erneuerbar und zukunftsorientiert.<\/p>\t\t\t\t\t\t\t\t<\/div>\n\t\t\t\t<\/div>\n\t\t\t\t\t<\/div>\n\t\t<\/div>\n\t\t\t\t<div class=\"elementor-column elementor-col-33 elementor-inner-column elementor-element elementor-element-6089615\" data-id=\"6089615\" data-element_type=\"column\">\n\t\t\t<div class=\"elementor-widget-wrap elementor-element-populated\">\n\t\t\t\t\t\t<div class=\"elementor-element elementor-element-7470531 of_reference_project_slide elementor-widget elementor-widget-image-carousel\" data-id=\"7470531\" data-element_type=\"widget\" data-settings=\"{&quot;slides_to_show&quot;:&quot;1&quot;,&quot;navigation&quot;:&quot;none&quot;,&quot;autoplay&quot;:&quot;no&quot;,&quot;infinite&quot;:&quot;no&quot;,&quot;slides_to_show_tablet&quot;:&quot;1&quot;,&quot;effect&quot;:&quot;slide&quot;,&quot;speed&quot;:500}\" data-widget_type=\"image-carousel.default\">\n\t\t\t\t<div class=\"elementor-widget-container\">\n\t\t\t\t\t\t\t<div class=\"elementor-image-carousel-wrapper swiper\" role=\"region\" aria-roledescription=\"carousel\" aria-label=\"Bild Karussell\" dir=\"ltr\">\n\t\t\t<div class=\"elementor-image-carousel swiper-wrapper swiper-image-stretch\" aria-live=\"polite\">\n\t\t\t\t\t\t\t\t<div class=\"swiper-slide\" role=\"group\" aria-roledescription=\"slide\" aria-label=\"1 von 1\"><figure class=\"swiper-slide-inner\"><img decoding=\"async\" class=\"swiper-slide-image\" src=\"https:\/\/montageprofis.ch\/wp-content\/uploads\/2021\/04\/Logos10.png\" alt=\"Logos10\" \/><\/figure><\/div>\t\t\t<\/div>\n\t\t\t\t\t<\/div>\n\t\t\t\t\t\t<\/div>\n\t\t\t\t<\/div>\n\t\t\t\t<div class=\"elementor-element elementor-element-b36fde9 of_slide_caption elementor-widget elementor-widget-text-editor\" data-id=\"b36fde9\" data-element_type=\"widget\" data-widget_type=\"text-editor.default\">\n\t\t\t\t<div class=\"elementor-widget-container\">\n\t\t\t\t\t\t\t\t\t<h2>GD Invest AG<\/h2>\t\t\t\t\t\t\t\t<\/div>\n\t\t\t\t<\/div>\n\t\t\t\t\t<\/div>\n\t\t<\/div>\n\t\t\t\t<div class=\"elementor-column elementor-col-33 elementor-inner-column elementor-element elementor-element-2fe93d3\" data-id=\"2fe93d3\" data-element_type=\"column\">\n\t\t\t<div class=\"elementor-widget-wrap elementor-element-populated\">\n\t\t\t\t\t\t<div class=\"elementor-element elementor-element-c627817 of_reference_project_slide elementor-widget elementor-widget-image-carousel\" data-id=\"c627817\" data-element_type=\"widget\" data-settings=\"{&quot;slides_to_show&quot;:&quot;1&quot;,&quot;navigation&quot;:&quot;none&quot;,&quot;autoplay&quot;:&quot;no&quot;,&quot;infinite&quot;:&quot;no&quot;,&quot;slides_to_show_tablet&quot;:&quot;1&quot;,&quot;effect&quot;:&quot;slide&quot;,&quot;speed&quot;:500}\" data-widget_type=\"image-carousel.default\">\n\t\t\t\t<div class=\"elementor-widget-container\">\n\t\t\t\t\t\t\t<div class=\"elementor-image-carousel-wrapper swiper\" role=\"region\" aria-roledescription=\"carousel\" aria-label=\"Bild Karussell\" dir=\"ltr\">\n\t\t\t<div class=\"elementor-image-carousel swiper-wrapper swiper-image-stretch\" aria-live=\"polite\">\n\t\t\t\t\t\t\t\t<div class=\"swiper-slide\" role=\"group\" aria-roledescription=\"slide\" aria-label=\"1 von 1\"><figure class=\"swiper-slide-inner\"><img decoding=\"async\" class=\"swiper-slide-image\" src=\"https:\/\/montageprofis.ch\/wp-content\/uploads\/2021\/04\/Logos11.png\" alt=\"Logos11\" \/><\/figure><\/div>\t\t\t<\/div>\n\t\t\t\t\t<\/div>\n\t\t\t\t\t\t<\/div>\n\t\t\t\t<\/div>\n\t\t\t\t<div class=\"elementor-element elementor-element-51de80c of_slide_caption elementor-widget elementor-widget-text-editor\" data-id=\"51de80c\" data-element_type=\"widget\" data-widget_type=\"text-editor.default\">\n\t\t\t\t<div class=\"elementor-widget-container\">\n\t\t\t\t\t\t\t\t\t<h2>Gebr\u00fcder Dietsche Beteiligungs AG<\/h2>\t\t\t\t\t\t\t\t<\/div>\n\t\t\t\t<\/div>\n\t\t\t\t\t<\/div>\n\t\t<\/div>\n\t\t\t\t\t<\/div>\n\t\t<\/section>\n\t\t\t\t<section class=\"elementor-section elementor-inner-section elementor-element elementor-element-9eff81b elementor-section-boxed elementor-section-height-default elementor-section-height-default\" data-id=\"9eff81b\" data-element_type=\"section\">\n\t\t\t\t\t\t<div class=\"elementor-container elementor-column-gap-default\">\n\t\t\t\t\t<div class=\"elementor-column elementor-col-33 elementor-inner-column elementor-element elementor-element-0235a38\" data-id=\"0235a38\" data-element_type=\"column\">\n\t\t\t<div class=\"elementor-widget-wrap elementor-element-populated\">\n\t\t\t\t\t\t<div class=\"elementor-element elementor-element-5f7f54d of_reference_project_slide elementor-widget elementor-widget-image-carousel\" data-id=\"5f7f54d\" data-element_type=\"widget\" data-settings=\"{&quot;slides_to_show&quot;:&quot;1&quot;,&quot;navigation&quot;:&quot;none&quot;,&quot;autoplay&quot;:&quot;no&quot;,&quot;infinite&quot;:&quot;no&quot;,&quot;slides_to_show_tablet&quot;:&quot;1&quot;,&quot;effect&quot;:&quot;slide&quot;,&quot;speed&quot;:500}\" data-widget_type=\"image-carousel.default\">\n\t\t\t\t<div class=\"elementor-widget-container\">\n\t\t\t\t\t\t\t<div class=\"elementor-image-carousel-wrapper swiper\" role=\"region\" aria-roledescription=\"carousel\" aria-label=\"Bild Karussell\" dir=\"ltr\">\n\t\t\t<div class=\"elementor-image-carousel swiper-wrapper swiper-image-stretch\" aria-live=\"polite\">\n\t\t\t\t\t\t\t\t<div class=\"swiper-slide\" role=\"group\" aria-roledescription=\"slide\" aria-label=\"1 von 1\"><figure class=\"swiper-slide-inner\"><img decoding=\"async\" class=\"swiper-slide-image\" src=\"https:\/\/montageprofis.ch\/wp-content\/uploads\/2021\/04\/Logos12-1.png\" alt=\"Logos12\" \/><\/figure><\/div>\t\t\t<\/div>\n\t\t\t\t\t<\/div>\n\t\t\t\t\t\t<\/div>\n\t\t\t\t<\/div>\n\t\t\t\t<div class=\"elementor-element elementor-element-3f28323 of_slide_caption elementor-widget elementor-widget-text-editor\" data-id=\"3f28323\" data-element_type=\"widget\" data-widget_type=\"text-editor.default\">\n\t\t\t\t<div class=\"elementor-widget-container\">\n\t\t\t\t\t\t\t\t\t<h2>MARO Holding AG<\/h2>\t\t\t\t\t\t\t\t<\/div>\n\t\t\t\t<\/div>\n\t\t\t\t\t<\/div>\n\t\t<\/div>\n\t\t\t\t<div class=\"elementor-column elementor-col-33 elementor-inner-column elementor-element elementor-element-72b489f\" data-id=\"72b489f\" data-element_type=\"column\">\n\t\t\t<div class=\"elementor-widget-wrap\">\n\t\t\t\t\t\t\t<\/div>\n\t\t<\/div>\n\t\t\t\t<div class=\"elementor-column elementor-col-33 elementor-inner-column elementor-element elementor-element-4f4b20a\" data-id=\"4f4b20a\" data-element_type=\"column\">\n\t\t\t<div class=\"elementor-widget-wrap\">\n\t\t\t\t\t\t\t<\/div>\n\t\t<\/div>\n\t\t\t\t\t<\/div>\n\t\t<\/section>\n\t\t\t\t\t<\/div>\n\t\t<\/div>\n\t\t\t\t\t<\/div>\n\t\t<\/section>\n\t\t\t\t<\/div>\n\t\t","protected":false},"excerpt":{"rendered":"<p>Unser partnerschaftliches Netzwerk. Unser starkes Netzwerk Wir sind stolz darauf, viele starke Unternehmen als langj\u00e4hrige Partner an unserer Seite zu haben. Labco AG Fachpartner f\u00fcr Labormontage, Service und Wartung. Akustik &amp; Raum AG Zukunftsweisende Raumakustik-L\u00f6sungen &#8211; Systeme und Produkte exakt auf die individuellen Bed\u00fcrfnisse abgestimmt. Urban Dietsche &amp; S\u00f6hne AG Immobilienbewirtschaftung mit Engagement. Hotel Profis\u00a0 [&hellip;]<\/p>\n","protected":false},"author":3,"featured_media":0,"parent":19,"menu_order":0,"comment_status":"closed","ping_status":"closed","template":"","meta":{"_acf_changed":false,"iawp_total_views":168,"footnotes":""},"class_list":["post-2002","page","type-page","status-publish","hentry"],"acf":[],"_links":{"self":[{"href":"https:\/\/montageprofis.ch\/de\/wp-json\/wp\/v2\/pages\/2002","targetHints":{"allow":["GET"]}}],"collection":[{"href":"https:\/\/montageprofis.ch\/de\/wp-json\/wp\/v2\/pages"}],"about":[{"href":"https:\/\/montageprofis.ch\/de\/wp-json\/wp\/v2\/types\/page"}],"author":[{"embeddable":true,"href":"https:\/\/montageprofis.ch\/de\/wp-json\/wp\/v2\/users\/3"}],"replies":[{"embeddable":true,"href":"https:\/\/montageprofis.ch\/de\/wp-json\/wp\/v2\/comments?post=2002"}],"version-history":[{"count":180,"href":"https:\/\/montageprofis.ch\/de\/wp-json\/wp\/v2\/pages\/2002\/revisions"}],"predecessor-version":[{"id":11720,"href":"https:\/\/montageprofis.ch\/de\/wp-json\/wp\/v2\/pages\/2002\/revisions\/11720"}],"up":[{"embeddable":true,"href":"https:\/\/montageprofis.ch\/de\/wp-json\/wp\/v2\/pages\/19"}],"wp:attachment":[{"href":"https:\/\/montageprofis.ch\/de\/wp-json\/wp\/v2\/media?parent=2002"}],"curies":[{"name":"wp","href":"https:\/\/api.w.org\/{rel}","templated":true}]}}